{"id":1689,"date":"2023-03-14T15:41:25","date_gmt":"2023-03-14T18:41:25","guid":{"rendered":"https:\/\/feiradeciencias.pucpr.br\/2023\/?page_id=1689"},"modified":"2023-10-17T11:42:45","modified_gmt":"2023-10-17T14:42:45","slug":"2023-2","status":"publish","type":"page","link":"https:\/\/feiradeciencias.pucpr.br\/2023\/","title":{"rendered":"P\u00e1gina Inicial 2023"},"content":{"rendered":"\t\t<div data-elementor-type=\"wp-page\" data-elementor-id=\"1689\" class=\"elementor elementor-1689\" data-elementor-post-type=\"page\">\n\t\t\t\t\t\t<section class=\"elementor-section elementor-top-section elementor-element elementor-element-ca4fe4f elementor-section-full_width elementor-hidden-mobile elementor-section-height-default elementor-section-height-default\" data-id=\"ca4fe4f\" data-element_type=\"section\" data-e-type=\"section\" data-settings=\"{&quot;background_background&quot;:&quot;classic&quot;}\">\n\t\t\t\t\t\t<div class=\"elementor-container elementor-column-gap-no\">\n\t\t\t\t\t<div class=\"elementor-column elementor-col-100 elementor-top-column elementor-element elementor-element-2f23917\" data-id=\"2f23917\" data-element_type=\"column\" data-e-type=\"column\">\n\t\t\t<div class=\"elementor-widget-wrap elementor-element-populated\">\n\t\t\t\t\t\t<div class=\"elementor-element elementor-element-a5582de elementor-widget elementor-widget-spacer\" data-id=\"a5582de\" data-element_type=\"widget\" data-e-type=\"widget\" data-widget_type=\"spacer.default\">\n\t\t\t\t<div class=\"elementor-widget-container\">\n\t\t\t\t\t\t\t<div class=\"elementor-spacer\">\n\t\t\t<div class=\"elementor-spacer-inner\"><\/div>\n\t\t<\/div>\n\t\t\t\t\t\t<\/div>\n\t\t\t\t<\/div>\n\t\t\t\t<div class=\"elementor-element elementor-element-59b98f1 elementor-invisible elementor-widget elementor-widget-image\" data-id=\"59b98f1\" data-element_type=\"widget\" data-e-type=\"widget\" data-settings=\"{&quot;_animation&quot;:&quot;slideInRight&quot;,&quot;_animation_delay&quot;:800}\" data-widget_type=\"image.default\">\n\t\t\t\t<div class=\"elementor-widget-container\">\n\t\t\t\t\t\t\t\t\t\t\t\t\t\t\t<img decoding=\"async\" width=\"500\" height=\"94\" src=\"https:\/\/feiradeciencias.pucpr.br\/2023\/wp-content\/uploads\/sites\/3\/2023\/03\/logo-ic.png\" class=\"attachment-large size-large wp-image-1706\" alt=\"\" srcset=\"https:\/\/feiradeciencias.pucpr.br\/2023\/wp-content\/uploads\/sites\/3\/2023\/03\/logo-ic.png 500w, https:\/\/feiradeciencias.pucpr.br\/2023\/wp-content\/uploads\/sites\/3\/2023\/03\/logo-ic-300x56.png 300w\" sizes=\"(max-width: 500px) 100vw, 500px\" \/>\t\t\t\t\t\t\t\t\t\t\t\t\t\t\t<\/div>\n\t\t\t\t<\/div>\n\t\t\t\t<div class=\"elementor-element elementor-element-857ee7b elementor-widget elementor-widget-spacer\" data-id=\"857ee7b\" data-element_type=\"widget\" data-e-type=\"widget\" data-widget_type=\"spacer.default\">\n\t\t\t\t<div class=\"elementor-widget-container\">\n\t\t\t\t\t\t\t<div class=\"elementor-spacer\">\n\t\t\t<div class=\"elementor-spacer-inner\"><\/div>\n\t\t<\/div>\n\t\t\t\t\t\t<\/div>\n\t\t\t\t<\/div>\n\t\t\t\t<div class=\"elementor-element elementor-element-c6d01c6 elementor-invisible elementor-widget elementor-widget-image\" data-id=\"c6d01c6\" data-element_type=\"widget\" data-e-type=\"widget\" data-settings=\"{&quot;_animation&quot;:&quot;slideInRight&quot;,&quot;_animation_delay&quot;:1600}\" data-widget_type=\"image.default\">\n\t\t\t\t<div class=\"elementor-widget-container\">\n\t\t\t\t\t\t\t\t\t\t\t\t\t\t\t<img fetchpriority=\"high\" decoding=\"async\" width=\"700\" height=\"89\" src=\"https:\/\/feiradeciencias.pucpr.br\/2023\/wp-content\/uploads\/sites\/3\/2023\/03\/eventos.png\" class=\"attachment-large size-large wp-image-1705\" alt=\"\" srcset=\"https:\/\/feiradeciencias.pucpr.br\/2023\/wp-content\/uploads\/sites\/3\/2023\/03\/eventos.png 700w, https:\/\/feiradeciencias.pucpr.br\/2023\/wp-content\/uploads\/sites\/3\/2023\/03\/eventos-300x38.png 300w\" sizes=\"(max-width: 700px) 100vw, 700px\" \/>\t\t\t\t\t\t\t\t\t\t\t\t\t\t\t<\/div>\n\t\t\t\t<\/div>\n\t\t\t\t<div class=\"elementor-element elementor-element-b3898db elementor-invisible elementor-widget elementor-widget-image\" data-id=\"b3898db\" data-element_type=\"widget\" data-e-type=\"widget\" data-settings=\"{&quot;_animation&quot;:&quot;slideInRight&quot;,&quot;_animation_delay&quot;:2400}\" data-widget_type=\"image.default\">\n\t\t\t\t<div class=\"elementor-widget-container\">\n\t\t\t\t\t\t\t\t\t\t\t\t\t\t\t<img decoding=\"async\" width=\"800\" height=\"97\" src=\"https:\/\/feiradeciencias.pucpr.br\/2023\/wp-content\/uploads\/sites\/3\/2023\/03\/titulo.png\" class=\"attachment-large size-large wp-image-1707\" alt=\"\" srcset=\"https:\/\/feiradeciencias.pucpr.br\/2023\/wp-content\/uploads\/sites\/3\/2023\/03\/titulo.png 800w, https:\/\/feiradeciencias.pucpr.br\/2023\/wp-content\/uploads\/sites\/3\/2023\/03\/titulo-300x36.png 300w, https:\/\/feiradeciencias.pucpr.br\/2023\/wp-content\/uploads\/sites\/3\/2023\/03\/titulo-768x93.png 768w\" sizes=\"(max-width: 800px) 100vw, 800px\" \/>\t\t\t\t\t\t\t\t\t\t\t\t\t\t\t<\/div>\n\t\t\t\t<\/div>\n\t\t\t\t<div class=\"elementor-element elementor-element-f7e2b25 elementor-widget elementor-widget-spacer\" data-id=\"f7e2b25\" data-element_type=\"widget\" data-e-type=\"widget\" data-widget_type=\"spacer.default\">\n\t\t\t\t<div class=\"elementor-widget-container\">\n\t\t\t\t\t\t\t<div class=\"elementor-spacer\">\n\t\t\t<div class=\"elementor-spacer-inner\"><\/div>\n\t\t<\/div>\n\t\t\t\t\t\t<\/div>\n\t\t\t\t<\/div>\n\t\t\t\t<section class=\"elementor-section elementor-inner-section elementor-element elementor-element-afde6e2 elementor-section-full_width elementor-section-content-bottom elementor-section-height-default elementor-section-height-default\" data-id=\"afde6e2\" data-element_type=\"section\" data-e-type=\"section\" data-settings=\"{&quot;background_background&quot;:&quot;classic&quot;}\">\n\t\t\t\t\t\t<div class=\"elementor-container elementor-column-gap-no\">\n\t\t\t\t\t<div class=\"elementor-column elementor-col-100 elementor-inner-column elementor-element elementor-element-9b425ce\" data-id=\"9b425ce\" data-element_type=\"column\" data-e-type=\"column\">\n\t\t\t<div class=\"elementor-widget-wrap elementor-element-populated\">\n\t\t\t\t\t\t<div class=\"elementor-element elementor-element-410a1ce elementor-absolute elementor-widget elementor-widget-heading\" data-id=\"410a1ce\" data-element_type=\"widget\" data-e-type=\"widget\" data-settings=\"{&quot;_position&quot;:&quot;absolute&quot;}\" data-widget_type=\"heading.default\">\n\t\t\t\t<div class=\"elementor-widget-container\">\n\t\t\t\t\t<h2 class=\"elementor-heading-title elementor-size-default\">24 a 26 de outubro 2023<\/h2>\t\t\t\t<\/div>\n\t\t\t\t<\/div>\n\t\t\t\t<div class=\"elementor-element elementor-element-1ffd602 elementor-widget elementor-widget-image\" data-id=\"1ffd602\" data-element_type=\"widget\" data-e-type=\"widget\" data-widget_type=\"image.default\">\n\t\t\t\t<div class=\"elementor-widget-container\">\n\t\t\t\t\t\t\t\t\t\t\t\t\t\t\t<img loading=\"lazy\" decoding=\"async\" width=\"2560\" height=\"274\" src=\"https:\/\/feiradeciencias.pucpr.br\/2023\/wp-content\/uploads\/sites\/3\/2023\/03\/final-tarja_1-1.png\" class=\"attachment-full size-full wp-image-1785\" alt=\"\" srcset=\"https:\/\/feiradeciencias.pucpr.br\/2023\/wp-content\/uploads\/sites\/3\/2023\/03\/final-tarja_1-1.png 2560w, https:\/\/feiradeciencias.pucpr.br\/2023\/wp-content\/uploads\/sites\/3\/2023\/03\/final-tarja_1-1-300x32.png 300w, https:\/\/feiradeciencias.pucpr.br\/2023\/wp-content\/uploads\/sites\/3\/2023\/03\/final-tarja_1-1-1024x109.png 1024w, https:\/\/feiradeciencias.pucpr.br\/2023\/wp-content\/uploads\/sites\/3\/2023\/03\/final-tarja_1-1-768x82.png 768w, https:\/\/feiradeciencias.pucpr.br\/2023\/wp-content\/uploads\/sites\/3\/2023\/03\/final-tarja_1-1-1536x164.png 1536w, https:\/\/feiradeciencias.pucpr.br\/2023\/wp-content\/uploads\/sites\/3\/2023\/03\/final-tarja_1-1-2048x219.png 2048w\" sizes=\"(max-width: 2560px) 100vw, 2560px\" \/>\t\t\t\t\t\t\t\t\t\t\t\t\t\t\t<\/div>\n\t\t\t\t<\/div>\n\t\t\t\t\t<\/div>\n\t\t<\/div>\n\t\t\t\t\t<\/div>\n\t\t<\/section>\n\t\t\t\t\t<\/div>\n\t\t<\/div>\n\t\t\t\t\t<\/div>\n\t\t<\/section>\n\t\t\t\t<section class=\"elementor-section elementor-top-section elementor-element elementor-element-1196192 elementor-section-full_width elementor-hidden-desktop elementor-hidden-tablet elementor-section-content-top elementor-section-height-default elementor-section-height-default\" data-id=\"1196192\" data-element_type=\"section\" data-e-type=\"section\" data-settings=\"{&quot;background_background&quot;:&quot;classic&quot;}\">\n\t\t\t\t\t\t\t<div class=\"elementor-background-overlay\"><\/div>\n\t\t\t\t\t\t\t<div class=\"elementor-container elementor-column-gap-no\">\n\t\t\t\t\t<div class=\"elementor-column elementor-col-100 elementor-top-column elementor-element elementor-element-27b49c3\" data-id=\"27b49c3\" data-element_type=\"column\" data-e-type=\"column\">\n\t\t\t<div class=\"elementor-widget-wrap elementor-element-populated\">\n\t\t\t\t\t\t<div class=\"elementor-element elementor-element-be020fd elementor-widget elementor-widget-image\" data-id=\"be020fd\" data-element_type=\"widget\" data-e-type=\"widget\" data-widget_type=\"image.default\">\n\t\t\t\t<div class=\"elementor-widget-container\">\n\t\t\t\t\t\t\t\t\t\t\t\t\t\t\t<img decoding=\"async\" src=\"https:\/\/feiradeciencias.pucpr.br\/2023\/wp-content\/uploads\/sites\/3\/2023\/03\/banner-mobile.png\" title=\"banner-mobile\" alt=\"banner-mobile\" loading=\"lazy\" \/>\t\t\t\t\t\t\t\t\t\t\t\t\t\t\t<\/div>\n\t\t\t\t<\/div>\n\t\t\t\t\t<\/div>\n\t\t<\/div>\n\t\t\t\t\t<\/div>\n\t\t<\/section>\n\t\t\t\t<section class=\"elementor-section elementor-top-section elementor-element elementor-element-15f0097 elementor-section-boxed elementor-section-height-default elementor-section-height-default\" data-id=\"15f0097\" data-element_type=\"section\" data-e-type=\"section\" data-settings=\"{&quot;background_background&quot;:&quot;classic&quot;}\">\n\t\t\t\t\t\t<div class=\"elementor-container elementor-column-gap-default\">\n\t\t\t\t\t<div class=\"elementor-column elementor-col-50 elementor-top-column elementor-element elementor-element-fc3a13f\" data-id=\"fc3a13f\" data-element_type=\"column\" data-e-type=\"column\">\n\t\t\t<div class=\"elementor-widget-wrap elementor-element-populated\">\n\t\t\t\t\t\t<div class=\"elementor-element elementor-element-b84c8ec elementor-widget elementor-widget-menu-anchor\" data-id=\"b84c8ec\" data-element_type=\"widget\" data-e-type=\"widget\" data-widget_type=\"menu-anchor.default\">\n\t\t\t\t<div class=\"elementor-widget-container\">\n\t\t\t\t\t\t\t<div class=\"elementor-menu-anchor\" id=\"apresentacao\"><\/div>\n\t\t\t\t\t\t<\/div>\n\t\t\t\t<\/div>\n\t\t\t\t<div class=\"elementor-element elementor-element-2287ee5 elementor-widget elementor-widget-heading\" data-id=\"2287ee5\" data-element_type=\"widget\" data-e-type=\"widget\" data-widget_type=\"heading.default\">\n\t\t\t\t<div class=\"elementor-widget-container\">\n\t\t\t\t\t<h2 class=\"elementor-heading-title elementor-size-default\">Sobre os Eventos<\/h2>\t\t\t\t<\/div>\n\t\t\t\t<\/div>\n\t\t\t\t<div class=\"elementor-element elementor-element-858bc7e elementor-widget elementor-widget-text-editor\" data-id=\"858bc7e\" data-element_type=\"widget\" data-e-type=\"widget\" data-widget_type=\"text-editor.default\">\n\t\t\t\t<div class=\"elementor-widget-container\">\n\t\t\t\t\t\t\t\t\t<p>A <strong>8\u00aa Feira de Ci\u00eancias Junior<\/strong> e a <strong>4\u00aa Mostra Paralela de Ci\u00eancias<\/strong> tem como objetivo incrementar o ensino da ci\u00eancia na Educa\u00e7\u00e3o B\u00e1sica.\u00a0 Estimula a cultura indagativa e cr\u00edtica (pr\u00f3pria da ci\u00eancia), o despertar de voca\u00e7\u00f5es cient\u00edficas e tecnol\u00f3gicas e a capacidade inventiva e investigativa que contribuem para promover o desenvolvimento da sociedade.<\/p><p>A cada ano temos um eixo tem\u00e1tico de uma das \u00e1reas estrat\u00e9gicas da PUCPR. O tema desse ano \u00e9 <strong>\u201cESG \u2013 Ambiental, Social e Governan\u00e7a\u201d (ESG do ingl\u00eas <em>Environmental, Social and Governance<\/em>)<\/strong>\u00a0e os trabalhos participantes devem ter ader\u00eancia a um de seis dos Objetivos de Desenvolvimento Sustent\u00e1vel da ONU:<\/p>\t\t\t\t\t\t\t\t<\/div>\n\t\t\t\t<\/div>\n\t\t\t\t\t<\/div>\n\t\t<\/div>\n\t\t\t\t<div class=\"elementor-column elementor-col-50 elementor-top-column elementor-element elementor-element-3053031\" data-id=\"3053031\" data-element_type=\"column\" data-e-type=\"column\">\n\t\t\t<div class=\"elementor-widget-wrap elementor-element-populated\">\n\t\t\t\t\t\t<div class=\"elementor-element elementor-element-8bcac67 elementor-widget elementor-widget-image\" data-id=\"8bcac67\" data-element_type=\"widget\" data-e-type=\"widget\" data-widget_type=\"image.default\">\n\t\t\t\t<div class=\"elementor-widget-container\">\n\t\t\t\t\t\t\t\t\t\t\t\t\t\t\t<img loading=\"lazy\" decoding=\"async\" width=\"433\" height=\"287\" src=\"https:\/\/feiradeciencias.pucpr.br\/2023\/wp-content\/uploads\/sites\/3\/2023\/04\/ods-2023.png\" class=\"attachment-full size-full wp-image-2116\" alt=\"\" srcset=\"https:\/\/feiradeciencias.pucpr.br\/2023\/wp-content\/uploads\/sites\/3\/2023\/04\/ods-2023.png 433w, https:\/\/feiradeciencias.pucpr.br\/2023\/wp-content\/uploads\/sites\/3\/2023\/04\/ods-2023-300x199.png 300w\" sizes=\"(max-width: 433px) 100vw, 433px\" \/>\t\t\t\t\t\t\t\t\t\t\t\t\t\t\t<\/div>\n\t\t\t\t<\/div>\n\t\t\t\t<div class=\"elementor-element elementor-element-a2106e4 elementor-align-center elementor-invisible elementor-widget elementor-widget-button\" data-id=\"a2106e4\" data-element_type=\"widget\" data-e-type=\"widget\" data-settings=\"{&quot;_animation&quot;:&quot;bounceInRight&quot;}\" data-widget_type=\"button.default\">\n\t\t\t\t<div class=\"elementor-widget-container\">\n\t\t\t\t\t\t\t\t\t<div class=\"elementor-button-wrapper\">\n\t\t\t\t\t<a class=\"elementor-button elementor-button-link elementor-size-sm\" href=\"https:\/\/brasil.un.org\/pt-br\/sdgs\" target=\"_blank\">\n\t\t\t\t\t\t<span class=\"elementor-button-content-wrapper\">\n\t\t\t\t\t\t\t\t\t<span class=\"elementor-button-text\">Para saber mais sobre os Objetivos de Desenvolvimento Sustent\u00e1vel (ODS) da ONU, clique aqui<\/span>\n\t\t\t\t\t<\/span>\n\t\t\t\t\t<\/a>\n\t\t\t\t<\/div>\n\t\t\t\t\t\t\t\t<\/div>\n\t\t\t\t<\/div>\n\t\t\t\t\t<\/div>\n\t\t<\/div>\n\t\t\t\t\t<\/div>\n\t\t<\/section>\n\t\t\t\t<section class=\"elementor-section elementor-top-section elementor-element elementor-element-7fc5bd6 elementor-section-boxed elementor-section-height-default elementor-section-height-default\" data-id=\"7fc5bd6\" data-element_type=\"section\" data-e-type=\"section\" data-settings=\"{&quot;background_background&quot;:&quot;classic&quot;}\">\n\t\t\t\t\t\t<div class=\"elementor-container elementor-column-gap-default\">\n\t\t\t\t\t<div class=\"elementor-column elementor-col-100 elementor-top-column elementor-element elementor-element-ed59294\" data-id=\"ed59294\" data-element_type=\"column\" data-e-type=\"column\">\n\t\t\t<div class=\"elementor-widget-wrap elementor-element-populated\">\n\t\t\t\t\t\t<div class=\"elementor-element elementor-element-aea9a87 elementor-widget elementor-widget-text-editor\" data-id=\"aea9a87\" data-element_type=\"widget\" data-e-type=\"widget\" data-widget_type=\"text-editor.default\">\n\t\t\t\t<div class=\"elementor-widget-container\">\n\t\t\t\t\t\t\t\t\t<p>Em paralelo integrado aos eventos voltados para a Educa\u00e7\u00e3o B\u00e1sica, temos a realiza\u00e7\u00e3o do <strong>Semin\u00e1rio de Inicia\u00e7\u00e3o Cient\u00edfica da PUCPR (SEMIC)<\/strong>. Dessa forma, todos os inscritos na Feira ou na Mostra Paralela de Ci\u00eancias J\u00fanior poder\u00e3o participar de diversas palestras e oficinas que estamos preparando com dedica\u00e7\u00e3o para voc\u00eas. Al\u00e9m disso, ser\u00e1 poss\u00edvel visitar os trabalhos dos outros participantes e de seus colegas nos outros eventos, ampliando ainda mais seus conhecimentos e fazendo novas conex\u00f5es!<\/p><p><strong>Esperamos encontr\u00e1-los(as) em breve!<\/strong><\/p>\t\t\t\t\t\t\t\t<\/div>\n\t\t\t\t<\/div>\n\t\t\t\t<div class=\"elementor-element elementor-element-c42969c elementor-align-center elementor-invisible elementor-widget elementor-widget-button\" data-id=\"c42969c\" data-element_type=\"widget\" data-e-type=\"widget\" data-settings=\"{&quot;_animation&quot;:&quot;bounceInRight&quot;}\" data-widget_type=\"button.default\">\n\t\t\t\t<div class=\"elementor-widget-container\">\n\t\t\t\t\t\t\t\t\t<div class=\"elementor-button-wrapper\">\n\t\t\t\t\t<a class=\"elementor-button elementor-button-link elementor-size-sm\" href=\"https:\/\/eventum.pucpr.br\/evento-8-feira-de-ciencias-junior-da-pucpr-e-4-mostra-paralela-de-ciencias-junior\" target=\"_blank\">\n\t\t\t\t\t\t<span class=\"elementor-button-content-wrapper\">\n\t\t\t\t\t\t\t\t\t<span class=\"elementor-button-text\">inscreva-se<\/span>\n\t\t\t\t\t<\/span>\n\t\t\t\t\t<\/a>\n\t\t\t\t<\/div>\n\t\t\t\t\t\t\t\t<\/div>\n\t\t\t\t<\/div>\n\t\t\t\t\t<\/div>\n\t\t<\/div>\n\t\t\t\t\t<\/div>\n\t\t<\/section>\n\t\t\t\t<section class=\"elementor-section elementor-top-section elementor-element elementor-element-21bd9b4 elementor-section-full_width elementor-section-height-default elementor-section-height-default\" data-id=\"21bd9b4\" data-element_type=\"section\" data-e-type=\"section\">\n\t\t\t\t\t\t<div class=\"elementor-container elementor-column-gap-no\">\n\t\t\t\t\t<div class=\"elementor-column elementor-col-100 elementor-top-column elementor-element elementor-element-970d262\" data-id=\"970d262\" data-element_type=\"column\" data-e-type=\"column\">\n\t\t\t<div class=\"elementor-widget-wrap elementor-element-populated\">\n\t\t\t\t\t\t<section class=\"elementor-section elementor-inner-section elementor-element elementor-element-5051f9e elementor-section-full_width elementor-section-height-default elementor-section-height-default\" data-id=\"5051f9e\" data-element_type=\"section\" data-e-type=\"section\">\n\t\t\t\t\t\t<div class=\"elementor-container elementor-column-gap-no\">\n\t\t\t\t\t<div class=\"elementor-column elementor-col-100 elementor-inner-column elementor-element elementor-element-5eba090\" data-id=\"5eba090\" data-element_type=\"column\" data-e-type=\"column\">\n\t\t\t<div class=\"elementor-widget-wrap elementor-element-populated\">\n\t\t\t\t\t\t<div class=\"elementor-element elementor-element-2f314a4 elementor-hidden-desktop elementor-hidden-tablet elementor-widget elementor-widget-image\" data-id=\"2f314a4\" data-element_type=\"widget\" data-e-type=\"widget\" data-widget_type=\"image.default\">\n\t\t\t\t<div class=\"elementor-widget-container\">\n\t\t\t\t\t\t\t\t\t\t\t\t\t\t\t<img decoding=\"async\" src=\"https:\/\/feiradeciencias.pucpr.br\/2023\/wp-content\/uploads\/sites\/3\/2023\/03\/tarja-mobile-azul.png\" title=\"tarja-mobile-azul\" alt=\"tarja-mobile-azul\" loading=\"lazy\" \/>\t\t\t\t\t\t\t\t\t\t\t\t\t\t\t<\/div>\n\t\t\t\t<\/div>\n\t\t\t\t\t<\/div>\n\t\t<\/div>\n\t\t\t\t\t<\/div>\n\t\t<\/section>\n\t\t\t\t<section class=\"elementor-section elementor-inner-section elementor-element elementor-element-7a3918c elementor-section-full_width elementor-hidden-mobile elementor-section-height-default elementor-section-height-default\" data-id=\"7a3918c\" data-element_type=\"section\" data-e-type=\"section\">\n\t\t\t\t\t\t<div class=\"elementor-container elementor-column-gap-no\">\n\t\t\t\t\t<div class=\"elementor-column elementor-col-100 elementor-inner-column elementor-element elementor-element-0abb94b\" data-id=\"0abb94b\" data-element_type=\"column\" data-e-type=\"column\">\n\t\t\t<div class=\"elementor-widget-wrap elementor-element-populated\">\n\t\t\t\t\t\t<div class=\"elementor-element elementor-element-4028486 elementor-hidden-mobile elementor-widget elementor-widget-image\" data-id=\"4028486\" data-element_type=\"widget\" data-e-type=\"widget\" data-widget_type=\"image.default\">\n\t\t\t\t<div class=\"elementor-widget-container\">\n\t\t\t\t\t\t\t\t\t\t\t\t\t\t\t<img decoding=\"async\" src=\"https:\/\/feiradeciencias.pucpr.br\/2023\/wp-content\/uploads\/sites\/3\/2023\/03\/final-tarja_oposta-e1679083930794.png\" title=\"final-tarja_oposta\" alt=\"final-tarja_oposta\" loading=\"lazy\" \/>\t\t\t\t\t\t\t\t\t\t\t\t\t\t\t<\/div>\n\t\t\t\t<\/div>\n\t\t\t\t\t<\/div>\n\t\t<\/div>\n\t\t\t\t\t<\/div>\n\t\t<\/section>\n\t\t\t\t\t<\/div>\n\t\t<\/div>\n\t\t\t\t\t<\/div>\n\t\t<\/section>\n\t\t\t\t<section class=\"elementor-section elementor-top-section elementor-element elementor-element-e7b1e1d elementor-section-boxed elementor-section-height-default elementor-section-height-default\" data-id=\"e7b1e1d\" data-element_type=\"section\" data-e-type=\"section\" data-settings=\"{&quot;background_background&quot;:&quot;classic&quot;}\">\n\t\t\t\t\t\t<div class=\"elementor-container elementor-column-gap-default\">\n\t\t\t\t\t<div class=\"elementor-column elementor-col-50 elementor-top-column elementor-element elementor-element-73e0975\" data-id=\"73e0975\" data-element_type=\"column\" data-e-type=\"column\">\n\t\t\t<div class=\"elementor-widget-wrap elementor-element-populated\">\n\t\t\t\t\t\t<div class=\"elementor-element elementor-element-579d664 elementor-widget elementor-widget-menu-anchor\" data-id=\"579d664\" data-element_type=\"widget\" data-e-type=\"widget\" data-widget_type=\"menu-anchor.default\">\n\t\t\t\t<div class=\"elementor-widget-container\">\n\t\t\t\t\t\t\t<div class=\"elementor-menu-anchor\" id=\"cronograma\"><\/div>\n\t\t\t\t\t\t<\/div>\n\t\t\t\t<\/div>\n\t\t\t\t<div class=\"elementor-element elementor-element-5bb1d7f elementor-widget elementor-widget-heading\" data-id=\"5bb1d7f\" data-element_type=\"widget\" data-e-type=\"widget\" data-widget_type=\"heading.default\">\n\t\t\t\t<div class=\"elementor-widget-container\">\n\t\t\t\t\t<h2 class=\"elementor-heading-title elementor-size-default\">INSCRI\u00c7\u00c3O | DOCUMENTOS<\/h2>\t\t\t\t<\/div>\n\t\t\t\t<\/div>\n\t\t\t\t<div class=\"elementor-element elementor-element-f29a1ee elementor-align-center elementor-invisible elementor-widget elementor-widget-button\" data-id=\"f29a1ee\" data-element_type=\"widget\" data-e-type=\"widget\" data-settings=\"{&quot;_animation&quot;:&quot;bounceInLeft&quot;}\" data-widget_type=\"button.default\">\n\t\t\t\t<div class=\"elementor-widget-container\">\n\t\t\t\t\t\t\t\t\t<div class=\"elementor-button-wrapper\">\n\t\t\t\t\t<a class=\"elementor-button elementor-button-link elementor-size-sm\" href=\"http:\/\/feiradeciencias.pucpr.br\/wp-content\/uploads\/2023\/08\/Feira-PPT-Template.pptx\" target=\"_blank\">\n\t\t\t\t\t\t<span class=\"elementor-button-content-wrapper\">\n\t\t\t\t\t\t\t\t\t<span class=\"elementor-button-text\">Template v\u00eddeo-p\u00f4ster<\/span>\n\t\t\t\t\t<\/span>\n\t\t\t\t\t<\/a>\n\t\t\t\t<\/div>\n\t\t\t\t\t\t\t\t<\/div>\n\t\t\t\t<\/div>\n\t\t\t\t<div class=\"elementor-element elementor-element-6a2c9f0 elementor-align-center elementor-invisible elementor-widget elementor-widget-button\" data-id=\"6a2c9f0\" data-element_type=\"widget\" data-e-type=\"widget\" data-settings=\"{&quot;_animation&quot;:&quot;bounceInLeft&quot;}\" data-widget_type=\"button.default\">\n\t\t\t\t<div class=\"elementor-widget-container\">\n\t\t\t\t\t\t\t\t\t<div class=\"elementor-button-wrapper\">\n\t\t\t\t\t<a class=\"elementor-button elementor-button-link elementor-size-sm\" href=\"https:\/\/static.pucpr.br\/pucpr\/2023\/06\/Termo-de-consentimento-estudantes.docx\" target=\"_blank\">\n\t\t\t\t\t\t<span class=\"elementor-button-content-wrapper\">\n\t\t\t\t\t\t\t\t\t<span class=\"elementor-button-text\">Termo de consentimento - estudantes<\/span>\n\t\t\t\t\t<\/span>\n\t\t\t\t\t<\/a>\n\t\t\t\t<\/div>\n\t\t\t\t\t\t\t\t<\/div>\n\t\t\t\t<\/div>\n\t\t\t\t<div class=\"elementor-element elementor-element-f839866 elementor-align-center elementor-invisible elementor-widget elementor-widget-button\" data-id=\"f839866\" data-element_type=\"widget\" data-e-type=\"widget\" data-settings=\"{&quot;_animation&quot;:&quot;bounceInLeft&quot;}\" data-widget_type=\"button.default\">\n\t\t\t\t<div class=\"elementor-widget-container\">\n\t\t\t\t\t\t\t\t\t<div class=\"elementor-button-wrapper\">\n\t\t\t\t\t<a class=\"elementor-button elementor-button-link elementor-size-sm\" href=\"https:\/\/static.pucpr.br\/pucpr\/2023\/06\/Termo-de-consentimento-proponentes.docx\" target=\"_blank\">\n\t\t\t\t\t\t<span class=\"elementor-button-content-wrapper\">\n\t\t\t\t\t\t\t\t\t<span class=\"elementor-button-text\">Termo de consentimento \u2013 proponente<\/span>\n\t\t\t\t\t<\/span>\n\t\t\t\t\t<\/a>\n\t\t\t\t<\/div>\n\t\t\t\t\t\t\t\t<\/div>\n\t\t\t\t<\/div>\n\t\t\t\t<div class=\"elementor-element elementor-element-9eaee79 elementor-align-center elementor-invisible elementor-widget elementor-widget-button\" data-id=\"9eaee79\" data-element_type=\"widget\" data-e-type=\"widget\" data-settings=\"{&quot;_animation&quot;:&quot;bounceInLeft&quot;}\" data-widget_type=\"button.default\">\n\t\t\t\t<div class=\"elementor-widget-container\">\n\t\t\t\t\t\t\t\t\t<div class=\"elementor-button-wrapper\">\n\t\t\t\t\t<a class=\"elementor-button elementor-button-link elementor-size-sm\" href=\"https:\/\/static.pucpr.br\/pucpr\/2023\/06\/checklist-submissao.pdf\" target=\"_blank\">\n\t\t\t\t\t\t<span class=\"elementor-button-content-wrapper\">\n\t\t\t\t\t\t\t\t\t<span class=\"elementor-button-text\">Check list para submiss\u00e3o<\/span>\n\t\t\t\t\t<\/span>\n\t\t\t\t\t<\/a>\n\t\t\t\t<\/div>\n\t\t\t\t\t\t\t\t<\/div>\n\t\t\t\t<\/div>\n\t\t\t\t<div class=\"elementor-element elementor-element-59e2265 elementor-align-center elementor-invisible elementor-widget elementor-widget-button\" data-id=\"59e2265\" data-element_type=\"widget\" data-e-type=\"widget\" data-settings=\"{&quot;_animation&quot;:&quot;bounceInLeft&quot;}\" data-widget_type=\"button.default\">\n\t\t\t\t<div class=\"elementor-widget-container\">\n\t\t\t\t\t\t\t\t\t<div class=\"elementor-button-wrapper\">\n\t\t\t\t\t<a class=\"elementor-button elementor-button-link elementor-size-sm\" href=\"https:\/\/static.pucpr.br\/pucpr\/2023\/03\/edital_02_2023-feira_de_ciencias-15-03-2023.pdf\" target=\"_blank\">\n\t\t\t\t\t\t<span class=\"elementor-button-content-wrapper\">\n\t\t\t\t\t\t\t\t\t<span class=\"elementor-button-text\">Edital<\/span>\n\t\t\t\t\t<\/span>\n\t\t\t\t\t<\/a>\n\t\t\t\t<\/div>\n\t\t\t\t\t\t\t\t<\/div>\n\t\t\t\t<\/div>\n\t\t\t\t<div class=\"elementor-element elementor-element-4d10604 elementor-widget elementor-widget-heading\" data-id=\"4d10604\" data-element_type=\"widget\" data-e-type=\"widget\" data-widget_type=\"heading.default\">\n\t\t\t\t<div class=\"elementor-widget-container\">\n\t\t\t\t\t<h2 class=\"elementor-heading-title elementor-size-default\">Premia\u00e7\u00e3o<\/h2>\t\t\t\t<\/div>\n\t\t\t\t<\/div>\n\t\t\t\t<div class=\"elementor-element elementor-element-d9a29bc elementor-widget elementor-widget-text-editor\" data-id=\"d9a29bc\" data-element_type=\"widget\" data-e-type=\"widget\" data-widget_type=\"text-editor.default\">\n\t\t\t\t<div class=\"elementor-widget-container\">\n\t\t\t\t\t\t\t\t\t<p>Os melhores trabalhos concorrer\u00e3o a premia\u00e7\u00e3o, inclusive bolsas de Inicia\u00e7\u00e3o Cient\u00edfica Junior!<\/p>\t\t\t\t\t\t\t\t<\/div>\n\t\t\t\t<\/div>\n\t\t\t\t<div class=\"elementor-element elementor-element-f7edf2c elementor-align-center elementor-invisible elementor-widget elementor-widget-button\" data-id=\"f7edf2c\" data-element_type=\"widget\" data-e-type=\"widget\" data-settings=\"{&quot;_animation&quot;:&quot;bounceInLeft&quot;}\" data-widget_type=\"button.default\">\n\t\t\t\t<div class=\"elementor-widget-container\">\n\t\t\t\t\t\t\t\t\t<div class=\"elementor-button-wrapper\">\n\t\t\t\t\t<a class=\"elementor-button elementor-button-link elementor-size-sm\" href=\"https:\/\/feiradeciencias.pucpr.br\/premiacao\/\">\n\t\t\t\t\t\t<span class=\"elementor-button-content-wrapper\">\n\t\t\t\t\t\t\t\t\t<span class=\"elementor-button-text\">Saiba mais<\/span>\n\t\t\t\t\t<\/span>\n\t\t\t\t\t<\/a>\n\t\t\t\t<\/div>\n\t\t\t\t\t\t\t\t<\/div>\n\t\t\t\t<\/div>\n\t\t\t\t<div class=\"elementor-element elementor-element-3acd17e elementor-widget elementor-widget-text-editor\" data-id=\"3acd17e\" data-element_type=\"widget\" data-e-type=\"widget\" data-widget_type=\"text-editor.default\">\n\t\t\t\t<div class=\"elementor-widget-container\">\n\t\t\t\t\t\t\t\t\t<p>Tamb\u00e9m temos o \u201cPr\u00eamio Professor Destaque em Educa\u00e7\u00e3o Cient\u00edfica\u201d estabelecido para prestigiar os professores que fazem a diferen\u00e7a na vida de seus estudantes e na educa\u00e7\u00e3o brasileira!<\/p>\t\t\t\t\t\t\t\t<\/div>\n\t\t\t\t<\/div>\n\t\t\t\t<div class=\"elementor-element elementor-element-5aef646 elementor-align-center elementor-invisible elementor-widget elementor-widget-button\" data-id=\"5aef646\" data-element_type=\"widget\" data-e-type=\"widget\" data-settings=\"{&quot;_animation&quot;:&quot;bounceInLeft&quot;}\" data-widget_type=\"button.default\">\n\t\t\t\t<div class=\"elementor-widget-container\">\n\t\t\t\t\t\t\t\t\t<div class=\"elementor-button-wrapper\">\n\t\t\t\t\t<a class=\"elementor-button elementor-button-link elementor-size-sm\" href=\"https:\/\/feiradeciencias.pucpr.br\/professor-destaque\/\">\n\t\t\t\t\t\t<span class=\"elementor-button-content-wrapper\">\n\t\t\t\t\t\t\t\t\t<span class=\"elementor-button-text\">Saiba mais<\/span>\n\t\t\t\t\t<\/span>\n\t\t\t\t\t<\/a>\n\t\t\t\t<\/div>\n\t\t\t\t\t\t\t\t<\/div>\n\t\t\t\t<\/div>\n\t\t\t\t\t<\/div>\n\t\t<\/div>\n\t\t\t\t<div class=\"elementor-column elementor-col-50 elementor-top-column elementor-element elementor-element-ad13ea9\" data-id=\"ad13ea9\" data-element_type=\"column\" data-e-type=\"column\">\n\t\t\t<div class=\"elementor-widget-wrap elementor-element-populated\">\n\t\t\t\t\t\t<div class=\"elementor-element elementor-element-81b917b elementor-widget elementor-widget-heading\" data-id=\"81b917b\" data-element_type=\"widget\" data-e-type=\"widget\" data-widget_type=\"heading.default\">\n\t\t\t\t<div class=\"elementor-widget-container\">\n\t\t\t\t\t<h2 class=\"elementor-heading-title elementor-size-default\">CRONOGRAMA<\/h2>\t\t\t\t<\/div>\n\t\t\t\t<\/div>\n\t\t\t\t<div class=\"elementor-element elementor-element-dd22161 elementor-widget elementor-widget-toggle\" data-id=\"dd22161\" data-element_type=\"widget\" data-e-type=\"widget\" data-widget_type=\"toggle.default\">\n\t\t\t\t<div class=\"elementor-widget-container\">\n\t\t\t\t\t\t\t<div class=\"elementor-toggle\">\n\t\t\t\t\t\t\t<div class=\"elementor-toggle-item\">\n\t\t\t\t\t<div id=\"elementor-tab-title-2311\" class=\"elementor-tab-title\" data-tab=\"1\" role=\"button\" aria-controls=\"elementor-tab-content-2311\" aria-expanded=\"false\">\n\t\t\t\t\t\t\t\t\t\t\t\t<span class=\"elementor-toggle-icon elementor-toggle-icon-left\" aria-hidden=\"true\">\n\t\t\t\t\t\t\t\t\t\t\t\t\t\t\t<span class=\"elementor-toggle-icon-closed\"><i class=\"fas fa-caret-right\"><\/i><\/span>\n\t\t\t\t\t\t\t\t<span class=\"elementor-toggle-icon-opened\"><i class=\"elementor-toggle-icon-opened fas fa-caret-up\"><\/i><\/span>\n\t\t\t\t\t\t\t\t\t\t\t\t\t<\/span>\n\t\t\t\t\t\t\t\t\t\t\t\t<a class=\"elementor-toggle-title\" tabindex=\"0\">17 de mar\u00e7o de 2023<\/a>\n\t\t\t\t\t<\/div>\n\n\t\t\t\t\t<div id=\"elementor-tab-content-2311\" class=\"elementor-tab-content elementor-clearfix\" data-tab=\"1\" role=\"region\" aria-labelledby=\"elementor-tab-title-2311\"><p>Lan\u00e7amento do edital<\/p><\/div>\n\t\t\t\t<\/div>\n\t\t\t\t\t\t\t<div class=\"elementor-toggle-item\">\n\t\t\t\t\t<div id=\"elementor-tab-title-2312\" class=\"elementor-tab-title\" data-tab=\"2\" role=\"button\" aria-controls=\"elementor-tab-content-2312\" aria-expanded=\"false\">\n\t\t\t\t\t\t\t\t\t\t\t\t<span class=\"elementor-toggle-icon elementor-toggle-icon-left\" aria-hidden=\"true\">\n\t\t\t\t\t\t\t\t\t\t\t\t\t\t\t<span class=\"elementor-toggle-icon-closed\"><i class=\"fas fa-caret-right\"><\/i><\/span>\n\t\t\t\t\t\t\t\t<span class=\"elementor-toggle-icon-opened\"><i class=\"elementor-toggle-icon-opened fas fa-caret-up\"><\/i><\/span>\n\t\t\t\t\t\t\t\t\t\t\t\t\t<\/span>\n\t\t\t\t\t\t\t\t\t\t\t\t<a class=\"elementor-toggle-title\" tabindex=\"0\">24 de maio a 03 de agosto de 2023<\/a>\n\t\t\t\t\t<\/div>\n\n\t\t\t\t\t<div id=\"elementor-tab-content-2312\" class=\"elementor-tab-content elementor-clearfix\" data-tab=\"2\" role=\"region\" aria-labelledby=\"elementor-tab-title-2312\"><p>Inscri\u00e7\u00e3o online no site do evento.<\/p><\/div>\n\t\t\t\t<\/div>\n\t\t\t\t\t\t\t<div class=\"elementor-toggle-item\">\n\t\t\t\t\t<div id=\"elementor-tab-title-2313\" class=\"elementor-tab-title\" data-tab=\"3\" role=\"button\" aria-controls=\"elementor-tab-content-2313\" aria-expanded=\"false\">\n\t\t\t\t\t\t\t\t\t\t\t\t<span class=\"elementor-toggle-icon elementor-toggle-icon-left\" aria-hidden=\"true\">\n\t\t\t\t\t\t\t\t\t\t\t\t\t\t\t<span class=\"elementor-toggle-icon-closed\"><i class=\"fas fa-caret-right\"><\/i><\/span>\n\t\t\t\t\t\t\t\t<span class=\"elementor-toggle-icon-opened\"><i class=\"elementor-toggle-icon-opened fas fa-caret-up\"><\/i><\/span>\n\t\t\t\t\t\t\t\t\t\t\t\t\t<\/span>\n\t\t\t\t\t\t\t\t\t\t\t\t<a class=\"elementor-toggle-title\" tabindex=\"0\">Setembro <\/a>\n\t\t\t\t\t<\/div>\n\n\t\t\t\t\t<div id=\"elementor-tab-content-2313\" class=\"elementor-tab-content elementor-clearfix\" data-tab=\"3\" role=\"region\" aria-labelledby=\"elementor-tab-title-2313\"><p>Reuni\u00e3o com os orientadores dos projetos <br \/>selecionados (participa\u00e7\u00e3o obrigat\u00f3ria) <\/p><\/div>\n\t\t\t\t<\/div>\n\t\t\t\t\t\t\t<div class=\"elementor-toggle-item\">\n\t\t\t\t\t<div id=\"elementor-tab-title-2314\" class=\"elementor-tab-title\" data-tab=\"4\" role=\"button\" aria-controls=\"elementor-tab-content-2314\" aria-expanded=\"false\">\n\t\t\t\t\t\t\t\t\t\t\t\t<span class=\"elementor-toggle-icon elementor-toggle-icon-left\" aria-hidden=\"true\">\n\t\t\t\t\t\t\t\t\t\t\t\t\t\t\t<span class=\"elementor-toggle-icon-closed\"><i class=\"fas fa-caret-right\"><\/i><\/span>\n\t\t\t\t\t\t\t\t<span class=\"elementor-toggle-icon-opened\"><i class=\"elementor-toggle-icon-opened fas fa-caret-up\"><\/i><\/span>\n\t\t\t\t\t\t\t\t\t\t\t\t\t<\/span>\n\t\t\t\t\t\t\t\t\t\t\t\t<a class=\"elementor-toggle-title\" tabindex=\"0\">04 de setembro de 2023<\/a>\n\t\t\t\t\t<\/div>\n\n\t\t\t\t\t<div id=\"elementor-tab-content-2314\" class=\"elementor-tab-content elementor-clearfix\" data-tab=\"4\" role=\"region\" aria-labelledby=\"elementor-tab-title-2314\"><p>Divulga\u00e7\u00e3o dos projetos selecionados para o evento\u00a0<\/p><\/div>\n\t\t\t\t<\/div>\n\t\t\t\t\t\t\t<div class=\"elementor-toggle-item\">\n\t\t\t\t\t<div id=\"elementor-tab-title-2315\" class=\"elementor-tab-title\" data-tab=\"5\" role=\"button\" aria-controls=\"elementor-tab-content-2315\" aria-expanded=\"false\">\n\t\t\t\t\t\t\t\t\t\t\t\t<span class=\"elementor-toggle-icon elementor-toggle-icon-left\" aria-hidden=\"true\">\n\t\t\t\t\t\t\t\t\t\t\t\t\t\t\t<span class=\"elementor-toggle-icon-closed\"><i class=\"fas fa-caret-right\"><\/i><\/span>\n\t\t\t\t\t\t\t\t<span class=\"elementor-toggle-icon-opened\"><i class=\"elementor-toggle-icon-opened fas fa-caret-up\"><\/i><\/span>\n\t\t\t\t\t\t\t\t\t\t\t\t\t<\/span>\n\t\t\t\t\t\t\t\t\t\t\t\t<a class=\"elementor-toggle-title\" tabindex=\"0\">02 a 25 de outubro de 2023 <\/a>\n\t\t\t\t\t<\/div>\n\n\t\t\t\t\t<div id=\"elementor-tab-content-2315\" class=\"elementor-tab-content elementor-clearfix\" data-tab=\"5\" role=\"region\" aria-labelledby=\"elementor-tab-title-2315\"><p>Per\u00edodo de Vota\u00e7\u00e3o popular\u00a0<\/p><\/div>\n\t\t\t\t<\/div>\n\t\t\t\t\t\t\t<div class=\"elementor-toggle-item\">\n\t\t\t\t\t<div id=\"elementor-tab-title-2316\" class=\"elementor-tab-title\" data-tab=\"6\" role=\"button\" aria-controls=\"elementor-tab-content-2316\" aria-expanded=\"false\">\n\t\t\t\t\t\t\t\t\t\t\t\t<span class=\"elementor-toggle-icon elementor-toggle-icon-left\" aria-hidden=\"true\">\n\t\t\t\t\t\t\t\t\t\t\t\t\t\t\t<span class=\"elementor-toggle-icon-closed\"><i class=\"fas fa-caret-right\"><\/i><\/span>\n\t\t\t\t\t\t\t\t<span class=\"elementor-toggle-icon-opened\"><i class=\"elementor-toggle-icon-opened fas fa-caret-up\"><\/i><\/span>\n\t\t\t\t\t\t\t\t\t\t\t\t\t<\/span>\n\t\t\t\t\t\t\t\t\t\t\t\t<a class=\"elementor-toggle-title\" tabindex=\"0\">24, 25 e 26 de outubro de 2023 <\/a>\n\t\t\t\t\t<\/div>\n\n\t\t\t\t\t<div id=\"elementor-tab-content-2316\" class=\"elementor-tab-content elementor-clearfix\" data-tab=\"6\" role=\"region\" aria-labelledby=\"elementor-tab-title-2316\"><p>Apresenta\u00e7\u00e3o dos trabalhos<\/p><\/div>\n\t\t\t\t<\/div>\n\t\t\t\t\t\t\t<div class=\"elementor-toggle-item\">\n\t\t\t\t\t<div id=\"elementor-tab-title-2317\" class=\"elementor-tab-title\" data-tab=\"7\" role=\"button\" aria-controls=\"elementor-tab-content-2317\" aria-expanded=\"false\">\n\t\t\t\t\t\t\t\t\t\t\t\t<span class=\"elementor-toggle-icon elementor-toggle-icon-left\" aria-hidden=\"true\">\n\t\t\t\t\t\t\t\t\t\t\t\t\t\t\t<span class=\"elementor-toggle-icon-closed\"><i class=\"fas fa-caret-right\"><\/i><\/span>\n\t\t\t\t\t\t\t\t<span class=\"elementor-toggle-icon-opened\"><i class=\"elementor-toggle-icon-opened fas fa-caret-up\"><\/i><\/span>\n\t\t\t\t\t\t\t\t\t\t\t\t\t<\/span>\n\t\t\t\t\t\t\t\t\t\t\t\t<a class=\"elementor-toggle-title\" tabindex=\"0\">26 de outubro de 2023 <\/a>\n\t\t\t\t\t<\/div>\n\n\t\t\t\t\t<div id=\"elementor-tab-content-2317\" class=\"elementor-tab-content elementor-clearfix\" data-tab=\"7\" role=\"region\" aria-labelledby=\"elementor-tab-title-2317\"><p>Divulga\u00e7\u00e3o das Premia\u00e7\u00f5es<\/p><\/div>\n\t\t\t\t<\/div>\n\t\t\t\t\t\t\t\t<\/div>\n\t\t\t\t\t\t<\/div>\n\t\t\t\t<\/div>\n\t\t\t\t\t<\/div>\n\t\t<\/div>\n\t\t\t\t\t<\/div>\n\t\t<\/section>\n\t\t\t\t<section class=\"elementor-section elementor-top-section elementor-element elementor-element-c98ab34 elementor-section-full_width elementor-hidden-mobile elementor-section-height-default elementor-section-height-default\" data-id=\"c98ab34\" data-element_type=\"section\" data-e-type=\"section\">\n\t\t\t\t\t\t<div class=\"elementor-container elementor-column-gap-no\">\n\t\t\t\t\t<div class=\"elementor-column elementor-col-100 elementor-top-column elementor-element elementor-element-d132290\" data-id=\"d132290\" data-element_type=\"column\" data-e-type=\"column\">\n\t\t\t<div class=\"elementor-widget-wrap elementor-element-populated\">\n\t\t\t\t\t\t<div class=\"elementor-element elementor-element-fdbc225 elementor-widget elementor-widget-image\" data-id=\"fdbc225\" data-element_type=\"widget\" data-e-type=\"widget\" data-widget_type=\"image.default\">\n\t\t\t\t<div class=\"elementor-widget-container\">\n\t\t\t\t\t\t\t\t\t\t\t\t\t\t\t<img decoding=\"async\" src=\"https:\/\/feiradeciencias.pucpr.br\/2023\/wp-content\/uploads\/sites\/3\/2023\/03\/final-tarja_rosa.png\" title=\"final-tarja_rosa\" alt=\"final-tarja_rosa\" loading=\"lazy\" \/>\t\t\t\t\t\t\t\t\t\t\t\t\t\t\t<\/div>\n\t\t\t\t<\/div>\n\t\t\t\t\t<\/div>\n\t\t<\/div>\n\t\t\t\t\t<\/div>\n\t\t<\/section>\n\t\t\t\t<section class=\"elementor-section elementor-top-section elementor-element elementor-element-d8ba499 elementor-section-full_width elementor-hidden-desktop elementor-hidden-tablet elementor-section-height-default elementor-section-height-default\" data-id=\"d8ba499\" data-element_type=\"section\" data-e-type=\"section\">\n\t\t\t\t\t\t<div class=\"elementor-container elementor-column-gap-no\">\n\t\t\t\t\t<div class=\"elementor-column elementor-col-100 elementor-top-column elementor-element elementor-element-3396400\" data-id=\"3396400\" data-element_type=\"column\" data-e-type=\"column\">\n\t\t\t<div class=\"elementor-widget-wrap elementor-element-populated\">\n\t\t\t\t\t\t<div class=\"elementor-element elementor-element-5407617 elementor-widget elementor-widget-image\" data-id=\"5407617\" data-element_type=\"widget\" data-e-type=\"widget\" data-widget_type=\"image.default\">\n\t\t\t\t<div class=\"elementor-widget-container\">\n\t\t\t\t\t\t\t\t\t\t\t\t\t\t\t<img decoding=\"async\" src=\"https:\/\/feiradeciencias.pucpr.br\/2023\/wp-content\/uploads\/sites\/3\/2023\/03\/tarja-mobile-rosa-1.png\" title=\"tarja-mobile-rosa-1\" alt=\"tarja-mobile-rosa-1\" loading=\"lazy\" \/>\t\t\t\t\t\t\t\t\t\t\t\t\t\t\t<\/div>\n\t\t\t\t<\/div>\n\t\t\t\t\t<\/div>\n\t\t<\/div>\n\t\t\t\t\t<\/div>\n\t\t<\/section>\n\t\t\t\t<section class=\"elementor-section elementor-top-section elementor-element elementor-element-7486efa elementor-section-boxed elementor-section-height-default elementor-section-height-default\" data-id=\"7486efa\" data-element_type=\"section\" data-e-type=\"section\" data-settings=\"{&quot;background_background&quot;:&quot;classic&quot;}\">\n\t\t\t\t\t\t<div class=\"elementor-container elementor-column-gap-default\">\n\t\t\t\t\t<div class=\"elementor-column elementor-col-50 elementor-top-column elementor-element elementor-element-f55fffb\" data-id=\"f55fffb\" data-element_type=\"column\" data-e-type=\"column\">\n\t\t\t<div class=\"elementor-widget-wrap elementor-element-populated\">\n\t\t\t\t\t\t<div class=\"elementor-element elementor-element-a433064 elementor-widget elementor-widget-heading\" data-id=\"a433064\" data-element_type=\"widget\" data-e-type=\"widget\" data-widget_type=\"heading.default\">\n\t\t\t\t<div class=\"elementor-widget-container\">\n\t\t\t\t\t<h2 class=\"elementor-heading-title elementor-size-default\">Edi\u00e7\u00f5es Anteriores<\/h2>\t\t\t\t<\/div>\n\t\t\t\t<\/div>\n\t\t\t\t<div class=\"elementor-element elementor-element-c9bae5e elementor-widget elementor-widget-text-editor\" data-id=\"c9bae5e\" data-element_type=\"widget\" data-e-type=\"widget\" data-widget_type=\"text-editor.default\">\n\t\t\t\t<div class=\"elementor-widget-container\">\n\t\t\t\t\t\t\t\t\t<p>A Feira de Ci\u00eancias J\u00fanior tem sido realizada anualmente desde 2015 e a Mostra Paralela de Pesquisa desde 2020.<\/p>\t\t\t\t\t\t\t\t<\/div>\n\t\t\t\t<\/div>\n\t\t\t\t\t<\/div>\n\t\t<\/div>\n\t\t\t\t<div class=\"elementor-column elementor-col-50 elementor-top-column elementor-element elementor-element-d806f9f\" data-id=\"d806f9f\" data-element_type=\"column\" data-e-type=\"column\">\n\t\t\t<div class=\"elementor-widget-wrap elementor-element-populated\">\n\t\t\t\t\t\t<div class=\"elementor-element elementor-element-ef2657c elementor-widget elementor-widget-text-editor\" data-id=\"ef2657c\" data-element_type=\"widget\" data-e-type=\"widget\" data-widget_type=\"text-editor.default\">\n\t\t\t\t<div class=\"elementor-widget-container\">\n\t\t\t\t\t\t\t\t\t<p>Para saber mais sobre as edi\u00e7\u00f5es anteriores e os trabalhos apresentados acesse:<\/p>\t\t\t\t\t\t\t\t<\/div>\n\t\t\t\t<\/div>\n\t\t\t\t<div class=\"elementor-element elementor-element-1ebc391 elementor-align-center elementor-invisible elementor-widget elementor-widget-button\" data-id=\"1ebc391\" data-element_type=\"widget\" data-e-type=\"widget\" data-settings=\"{&quot;_animation&quot;:&quot;bounceInRight&quot;}\" data-widget_type=\"button.default\">\n\t\t\t\t<div class=\"elementor-widget-container\">\n\t\t\t\t\t\t\t\t\t<div class=\"elementor-button-wrapper\">\n\t\t\t\t\t<a class=\"elementor-button elementor-button-link elementor-size-sm\" href=\"https:\/\/feiradeciencias.pucpr.br\/edicoes-anteriores\/\">\n\t\t\t\t\t\t<span class=\"elementor-button-content-wrapper\">\n\t\t\t\t\t\t\t\t\t<span class=\"elementor-button-text\">Saiba mais<\/span>\n\t\t\t\t\t<\/span>\n\t\t\t\t\t<\/a>\n\t\t\t\t<\/div>\n\t\t\t\t\t\t\t\t<\/div>\n\t\t\t\t<\/div>\n\t\t\t\t\t<\/div>\n\t\t<\/div>\n\t\t\t\t\t<\/div>\n\t\t<\/section>\n\t\t\t\t<section class=\"elementor-section elementor-top-section elementor-element elementor-element-9e315c3 elementor-section-full_width elementor-hidden-mobile elementor-section-height-default elementor-section-height-default\" data-id=\"9e315c3\" data-element_type=\"section\" data-e-type=\"section\">\n\t\t\t\t\t\t<div class=\"elementor-container elementor-column-gap-no\">\n\t\t\t\t\t<div class=\"elementor-column elementor-col-100 elementor-top-column elementor-element elementor-element-805034c\" data-id=\"805034c\" data-element_type=\"column\" data-e-type=\"column\">\n\t\t\t<div class=\"elementor-widget-wrap elementor-element-populated\">\n\t\t\t\t\t\t<div class=\"elementor-element elementor-element-7024c0d elementor-widget elementor-widget-image\" data-id=\"7024c0d\" data-element_type=\"widget\" data-e-type=\"widget\" data-widget_type=\"image.default\">\n\t\t\t\t<div class=\"elementor-widget-container\">\n\t\t\t\t\t\t\t\t\t\t\t\t\t\t\t<img decoding=\"async\" src=\"https:\/\/feiradeciencias.pucpr.br\/2023\/wp-content\/uploads\/sites\/3\/2023\/03\/tarja_rosa.png\" title=\"tarja_rosa\" alt=\"tarja_rosa\" loading=\"lazy\" \/>\t\t\t\t\t\t\t\t\t\t\t\t\t\t\t<\/div>\n\t\t\t\t<\/div>\n\t\t\t\t\t<\/div>\n\t\t<\/div>\n\t\t\t\t\t<\/div>\n\t\t<\/section>\n\t\t\t\t<section class=\"elementor-section elementor-top-section elementor-element elementor-element-40c9e3c elementor-section-boxed elementor-section-height-default elementor-section-height-default\" data-id=\"40c9e3c\" data-element_type=\"section\" data-e-type=\"section\" data-settings=\"{&quot;background_background&quot;:&quot;classic&quot;}\">\n\t\t\t\t\t\t<div class=\"elementor-container elementor-column-gap-default\">\n\t\t\t\t\t<div class=\"elementor-column elementor-col-50 elementor-top-column elementor-element elementor-element-cbc525e\" data-id=\"cbc525e\" data-element_type=\"column\" data-e-type=\"column\">\n\t\t\t<div class=\"elementor-widget-wrap elementor-element-populated\">\n\t\t\t\t\t\t<div class=\"elementor-element elementor-element-fd58e20 elementor-widget elementor-widget-menu-anchor\" data-id=\"fd58e20\" data-element_type=\"widget\" data-e-type=\"widget\" data-widget_type=\"menu-anchor.default\">\n\t\t\t\t<div class=\"elementor-widget-container\">\n\t\t\t\t\t\t\t<div class=\"elementor-menu-anchor\" id=\"contato\"><\/div>\n\t\t\t\t\t\t<\/div>\n\t\t\t\t<\/div>\n\t\t\t\t<div class=\"elementor-element elementor-element-b31da9a elementor-widget elementor-widget-heading\" data-id=\"b31da9a\" data-element_type=\"widget\" data-e-type=\"widget\" data-widget_type=\"heading.default\">\n\t\t\t\t<div class=\"elementor-widget-container\">\n\t\t\t\t\t<h2 class=\"elementor-heading-title elementor-size-default\">Contato<\/h2>\t\t\t\t<\/div>\n\t\t\t\t<\/div>\n\t\t\t\t<div class=\"elementor-element elementor-element-294ddf4 elementor-button-align-center elementor-widget elementor-widget-form\" data-id=\"294ddf4\" data-element_type=\"widget\" data-e-type=\"widget\" data-settings=\"{&quot;step_next_label&quot;:&quot;Next&quot;,&quot;step_previous_label&quot;:&quot;Previous&quot;,&quot;button_width&quot;:&quot;100&quot;,&quot;step_type&quot;:&quot;number_text&quot;,&quot;step_icon_shape&quot;:&quot;circle&quot;}\" data-widget_type=\"form.default\">\n\t\t\t\t<div class=\"elementor-widget-container\">\n\t\t\t\t\t\t\t<form class=\"elementor-form\" method=\"post\" name=\"Feira de Ci\u00eancias\" aria-label=\"Feira de Ci\u00eancias\">\n\t\t\t<input type=\"hidden\" name=\"post_id\" value=\"1689\"\/>\n\t\t\t<input type=\"hidden\" name=\"form_id\" value=\"294ddf4\"\/>\n\t\t\t<input type=\"hidden\" name=\"referer_title\" value=\"P\u00e1gina Inicial 2023 - Feira de Ci\u00eancias PUCPR | 2023\" \/>\n\n\t\t\t\t\t\t\t<input type=\"hidden\" name=\"queried_id\" value=\"1689\"\/>\n\t\t\t\n\t\t\t<div class=\"elementor-form-fields-wrapper elementor-labels-above\">\n\t\t\t\t\t\t\t\t<div class=\"elementor-field-type-text elementor-field-group elementor-column elementor-field-group-name elementor-col-100\">\n\t\t\t\t\t\t\t\t\t\t\t\t\t<input size=\"1\" type=\"text\" name=\"form_fields[name]\" id=\"form-field-name\" class=\"elementor-field elementor-size-sm  elementor-field-textual\" placeholder=\"Nome\">\n\t\t\t\t\t\t\t\t\t\t\t<\/div>\n\t\t\t\t\t\t\t\t<div class=\"elementor-field-type-email elementor-field-group elementor-column elementor-field-group-email elementor-col-100 elementor-field-required\">\n\t\t\t\t\t\t\t\t\t\t\t\t\t<input size=\"1\" type=\"email\" name=\"form_fields[email]\" id=\"form-field-email\" class=\"elementor-field elementor-size-sm  elementor-field-textual\" placeholder=\"E-mail\" required=\"required\">\n\t\t\t\t\t\t\t\t\t\t\t<\/div>\n\t\t\t\t\t\t\t\t<div class=\"elementor-field-type-tel elementor-field-group elementor-column elementor-field-group-field_d89efdf elementor-col-100 elementor-field-required\">\n\t\t\t\t\t\t\t<input size=\"1\" type=\"tel\" name=\"form_fields[field_d89efdf]\" id=\"form-field-field_d89efdf\" class=\"elementor-field elementor-size-sm  elementor-field-textual\" placeholder=\"Telefone\" required=\"required\" pattern=\"[0-9()#&amp;+*-=.]+\" title=\"Apenas n\u00fameros e caracteres de telefone (#, -, *, etc.) s\u00e3o aceitos.\">\n\n\t\t\t\t\t\t<\/div>\n\t\t\t\t\t\t\t\t<div class=\"elementor-field-type-textarea elementor-field-group elementor-column elementor-field-group-message elementor-col-100\">\n\t\t\t\t\t<textarea class=\"elementor-field-textual elementor-field  elementor-size-sm\" name=\"form_fields[message]\" id=\"form-field-message\" rows=\"4\" placeholder=\"Mensagem\"><\/textarea>\t\t\t\t<\/div>\n\t\t\t\t\t\t\t\t<div class=\"elementor-field-type-checkbox elementor-field-group elementor-column elementor-field-group-field_e092474 elementor-col-100\">\n\t\t\t\t\t<div class=\"elementor-field-subgroup  \"><span class=\"elementor-field-option\"><input type=\"checkbox\" value=\"Concordo com a utiliza\u00e7\u00e3o dos meus dados pessoais coletados no presente formul\u00e1rio, para a finalidade de identificar minha solicita\u00e7\u00e3o e receber retorno do Grupo Marista, de acordo com a Pol\u00edtica de Privacidade e Prote\u00e7\u00e3o de Dados.\" id=\"form-field-field_e092474-0\" name=\"form_fields[field_e092474]\"> <label for=\"form-field-field_e092474-0\">Concordo com a utiliza\u00e7\u00e3o dos meus dados pessoais coletados no presente formul\u00e1rio, para a finalidade de identificar minha solicita\u00e7\u00e3o e receber retorno do Grupo Marista, de acordo com a Pol\u00edtica de Privacidade e Prote\u00e7\u00e3o de Dados.<\/label><\/span><\/div>\t\t\t\t<\/div>\n\t\t\t\t\t\t\t\t<div class=\"elementor-field-type-checkbox elementor-field-group elementor-column elementor-field-group-field_bfb66d0 elementor-col-100\">\n\t\t\t\t\t<div class=\"elementor-field-subgroup  \"><span class=\"elementor-field-option\"><input type=\"checkbox\" value=\"Quero receber conte\u00fados exclusivos e ofertas personalizadas do Grupo Marista, de acordo com a Pol\u00edtica de Privacidade e Prote\u00e7\u00e3o de Dados.\" id=\"form-field-field_bfb66d0-0\" name=\"form_fields[field_bfb66d0]\"> <label for=\"form-field-field_bfb66d0-0\">Quero receber conte\u00fados exclusivos e ofertas personalizadas do Grupo Marista, de acordo com a Pol\u00edtica de Privacidade e Prote\u00e7\u00e3o de Dados.<\/label><\/span><\/div>\t\t\t\t<\/div>\n\t\t\t\t\t\t\t\t<div class=\"elementor-field-group elementor-column elementor-field-type-submit elementor-col-100 e-form__buttons\">\n\t\t\t\t\t<button class=\"elementor-button elementor-size-sm\" type=\"submit\">\n\t\t\t\t\t\t<span class=\"elementor-button-content-wrapper\">\n\t\t\t\t\t\t\t\t\t\t\t\t\t\t\t\t\t\t\t\t\t\t<span class=\"elementor-button-text\">Enviar<\/span>\n\t\t\t\t\t\t\t\t\t\t\t\t\t<\/span>\n\t\t\t\t\t<\/button>\n\t\t\t\t<\/div>\n\t\t\t<\/div>\n\t\t<\/form>\n\t\t\t\t\t\t<\/div>\n\t\t\t\t<\/div>\n\t\t\t\t\t<\/div>\n\t\t<\/div>\n\t\t\t\t<div class=\"elementor-column elementor-col-50 elementor-top-column elementor-element elementor-element-d91a2c7\" data-id=\"d91a2c7\" data-element_type=\"column\" data-e-type=\"column\">\n\t\t\t<div class=\"elementor-widget-wrap elementor-element-populated\">\n\t\t\t\t\t\t<div class=\"elementor-element elementor-element-c273be6 elementor-widget elementor-widget-text-editor\" data-id=\"c273be6\" data-element_type=\"widget\" data-e-type=\"widget\" data-widget_type=\"text-editor.default\">\n\t\t\t\t<div class=\"elementor-widget-container\">\n\t\t\t\t\t\t\t\t\t<p><strong>Ainda tem alguma d\u00favida?<\/strong><\/p><p>Acesse nosso FAQ ou entre em contato:<\/p><p><b>Telefones:<\/b> (41) 3271-1165\u00a0<\/p><p><b>E-mail: <\/b><strong><a href=\"mailto:feiradeciencias@pucpr.br\">feiradeciencias@pucpr.br<\/a><\/strong><u><b><\/b><\/u><\/p><p><a href=\"https:\/\/pucpr.app\/contatoICT\" target=\"_blank\" rel=\"noopener\"><img loading=\"lazy\" decoding=\"async\" class=\"alignright wp-image-839820\" src=\"http:\/\/feiradeciencias.pucpr.br\/wp-content\/uploads\/2023\/03\/whatsapp_branco.png\" alt=\"Whats\" width=\"50\" height=\"50\" \/><\/a><\/p><p><strong>Alternativamente para falar com nosso atendimento por Whatsapp:<\/strong><\/p><p><strong>Quer ficar por dentro de nossas novidades? <a href=\"https:\/\/forms.office.com\/Pages\/ResponsePage.aspx?id=w_YeiiSDA0G_ShMoxdw2U4qjlqyJe45CgwPCs5HN0CNURDFZT002VE5QOU9BMjJaVTMyVzNDUVpFQy4u\" target=\"_blank\" rel=\"noopener\">Inscreva-se aqui<\/a> para receber nossas News Letters por e-mail.<\/strong><\/p>\t\t\t\t\t\t\t\t<\/div>\n\t\t\t\t<\/div>\n\t\t\t\t\t<\/div>\n\t\t<\/div>\n\t\t\t\t\t<\/div>\n\t\t<\/section>\n\t\t\t\t<section class=\"elementor-section elementor-top-section elementor-element elementor-element-ebd47e2 elementor-section-full_width elementor-hidden-desktop elementor-hidden-tablet elementor-section-height-default elementor-section-height-default\" data-id=\"ebd47e2\" data-element_type=\"section\" data-e-type=\"section\">\n\t\t\t\t\t\t<div class=\"elementor-container elementor-column-gap-no\">\n\t\t\t\t\t<div class=\"elementor-column elementor-col-100 elementor-top-column elementor-element elementor-element-22c3666\" data-id=\"22c3666\" data-element_type=\"column\" data-e-type=\"column\">\n\t\t\t<div class=\"elementor-widget-wrap elementor-element-populated\">\n\t\t\t\t\t\t<div class=\"elementor-element elementor-element-5db8c92 elementor-widget elementor-widget-image\" data-id=\"5db8c92\" data-element_type=\"widget\" data-e-type=\"widget\" data-widget_type=\"image.default\">\n\t\t\t\t<div class=\"elementor-widget-container\">\n\t\t\t\t\t\t\t\t\t\t\t\t\t\t\t<img decoding=\"async\" src=\"https:\/\/feiradeciencias.pucpr.br\/2023\/wp-content\/uploads\/sites\/3\/2023\/03\/tarja-mobile-rosa.png\" title=\"tarja-mobile-rosa\" alt=\"tarja-mobile-rosa\" loading=\"lazy\" \/>\t\t\t\t\t\t\t\t\t\t\t\t\t\t\t<\/div>\n\t\t\t\t<\/div>\n\t\t\t\t\t<\/div>\n\t\t<\/div>\n\t\t\t\t\t<\/div>\n\t\t<\/section>\n\t\t\t\t<\/div>\n\t\t","protected":false},"excerpt":{"rendered":"<p>24 a 26 de outubro 2023 Sobre os Eventos A 8\u00aa Feira de Ci\u00eancias Junior e a 4\u00aa Mostra Paralela de Ci\u00eancias tem como objetivo incrementar o ensino da ci\u00eancia na Educa\u00e7\u00e3o B\u00e1sica.\u00a0 Estimula a cultura indagativa e cr\u00edtica (pr\u00f3pria da ci\u00eancia), o despertar de voca\u00e7\u00f5es cient\u00edficas e tecnol\u00f3gicas e a capacidade inventiva e investigativa [&hellip;]<\/p>\n","protected":false},"author":2,"featured_media":0,"parent":0,"menu_order":0,"comment_status":"closed","ping_status":"closed","template":"elementor_header_footer","meta":{"_acf_changed":false,"footnotes":""},"class_list":["post-1689","page","type-page","status-publish","hentry"],"acf":[],"yoast_head":"<!-- This site is optimized with the Yoast SEO plugin v27.4 - https:\/\/yoast.com\/product\/yoast-seo-wordpress\/ -->\n<title>P\u00e1gina Inicial 2023 - Feira de Ci\u00eancias PUCPR | 2023<\/title>\n<meta name=\"robots\" content=\"index, follow, max-snippet:-1, max-image-preview:large, max-video-preview:-1\" \/>\n<link rel=\"canonical\" href=\"https:\/\/feiradeciencias.pucpr.br\/2023\/\" \/>\n<meta property=\"og:locale\" content=\"pt_BR\" \/>\n<meta property=\"og:type\" content=\"article\" \/>\n<meta property=\"og:title\" content=\"P\u00e1gina Inicial 2023 - Feira de Ci\u00eancias PUCPR | 2023\" \/>\n<meta property=\"og:description\" content=\"24 a 26 de outubro 2023 Sobre os Eventos A 8\u00aa Feira de Ci\u00eancias Junior e a 4\u00aa Mostra Paralela de Ci\u00eancias tem como objetivo incrementar o ensino da ci\u00eancia na Educa\u00e7\u00e3o B\u00e1sica.\u00a0 Estimula a cultura indagativa e cr\u00edtica (pr\u00f3pria da ci\u00eancia), o despertar de voca\u00e7\u00f5es cient\u00edficas e tecnol\u00f3gicas e a capacidade inventiva e investigativa [&hellip;]\" \/>\n<meta property=\"og:url\" content=\"https:\/\/feiradeciencias.pucpr.br\/2023\/\" \/>\n<meta property=\"og:site_name\" content=\"Feira de Ci\u00eancias PUCPR | 2023\" \/>\n<meta property=\"article:modified_time\" content=\"2023-10-17T14:42:45+00:00\" \/>\n<meta property=\"og:image\" content=\"https:\/\/feiradeciencias.pucpr.br\/2023\/wp-content\/uploads\/sites\/3\/2023\/03\/logo-ic.png\" \/>\n<meta name=\"twitter:card\" content=\"summary_large_image\" \/>\n<meta name=\"twitter:label1\" content=\"Est. tempo de leitura\" \/>\n\t<meta name=\"twitter:data1\" content=\"6 minutos\" \/>\n<script type=\"application\/ld+json\" class=\"yoast-schema-graph\">{\"@context\":\"https:\\\/\\\/schema.org\",\"@graph\":[{\"@type\":\"WebPage\",\"@id\":\"https:\\\/\\\/feiradeciencias.pucpr.br\\\/2023\\\/\",\"url\":\"https:\\\/\\\/feiradeciencias.pucpr.br\\\/2023\\\/\",\"name\":\"P\u00e1gina Inicial 2023 - Feira de Ci\u00eancias PUCPR | 2023\",\"isPartOf\":{\"@id\":\"https:\\\/\\\/feiradeciencias.pucpr.br\\\/2023\\\/#website\"},\"primaryImageOfPage\":{\"@id\":\"https:\\\/\\\/feiradeciencias.pucpr.br\\\/2023\\\/#primaryimage\"},\"image\":{\"@id\":\"https:\\\/\\\/feiradeciencias.pucpr.br\\\/2023\\\/#primaryimage\"},\"thumbnailUrl\":\"https:\\\/\\\/feiradeciencias.pucpr.br\\\/2023\\\/wp-content\\\/uploads\\\/sites\\\/3\\\/2023\\\/03\\\/logo-ic.png\",\"datePublished\":\"2023-03-14T18:41:25+00:00\",\"dateModified\":\"2023-10-17T14:42:45+00:00\",\"breadcrumb\":{\"@id\":\"https:\\\/\\\/feiradeciencias.pucpr.br\\\/2023\\\/#breadcrumb\"},\"inLanguage\":\"pt-BR\",\"potentialAction\":[{\"@type\":\"ReadAction\",\"target\":[\"https:\\\/\\\/feiradeciencias.pucpr.br\\\/2023\\\/\"]}]},{\"@type\":\"ImageObject\",\"inLanguage\":\"pt-BR\",\"@id\":\"https:\\\/\\\/feiradeciencias.pucpr.br\\\/2023\\\/#primaryimage\",\"url\":\"https:\\\/\\\/feiradeciencias.pucpr.br\\\/2023\\\/wp-content\\\/uploads\\\/sites\\\/3\\\/2023\\\/03\\\/logo-ic.png\",\"contentUrl\":\"https:\\\/\\\/feiradeciencias.pucpr.br\\\/2023\\\/wp-content\\\/uploads\\\/sites\\\/3\\\/2023\\\/03\\\/logo-ic.png\",\"width\":500,\"height\":94},{\"@type\":\"BreadcrumbList\",\"@id\":\"https:\\\/\\\/feiradeciencias.pucpr.br\\\/2023\\\/#breadcrumb\",\"itemListElement\":[{\"@type\":\"ListItem\",\"position\":1,\"name\":\"In\u00edcio\",\"item\":\"https:\\\/\\\/feiradeciencias.pucpr.br\\\/2023\\\/\"},{\"@type\":\"ListItem\",\"position\":2,\"name\":\"P\u00e1gina Inicial 2023\"}]},{\"@type\":\"WebSite\",\"@id\":\"https:\\\/\\\/feiradeciencias.pucpr.br\\\/2023\\\/#website\",\"url\":\"https:\\\/\\\/feiradeciencias.pucpr.br\\\/2023\\\/\",\"name\":\"Feira de Ci\u00eancias PUCPR | 2023\",\"description\":\"8\u00aa Feira de Ci\u00eancias J\u00fanior da PUCPR e 4\u00aa Mostra Paralela da PUCPR | 2023\",\"publisher\":{\"@id\":\"https:\\\/\\\/feiradeciencias.pucpr.br\\\/2023\\\/#organization\"},\"potentialAction\":[{\"@type\":\"SearchAction\",\"target\":{\"@type\":\"EntryPoint\",\"urlTemplate\":\"https:\\\/\\\/feiradeciencias.pucpr.br\\\/2023\\\/?s={search_term_string}\"},\"query-input\":{\"@type\":\"PropertyValueSpecification\",\"valueRequired\":true,\"valueName\":\"search_term_string\"}}],\"inLanguage\":\"pt-BR\"},{\"@type\":\"Organization\",\"@id\":\"https:\\\/\\\/feiradeciencias.pucpr.br\\\/2023\\\/#organization\",\"name\":\"Feira de Ci\u00eancias PUCPR | 2023\",\"url\":\"https:\\\/\\\/feiradeciencias.pucpr.br\\\/2023\\\/\",\"logo\":{\"@type\":\"ImageObject\",\"inLanguage\":\"pt-BR\",\"@id\":\"https:\\\/\\\/feiradeciencias.pucpr.br\\\/2023\\\/#\\\/schema\\\/logo\\\/image\\\/\",\"url\":\"https:\\\/\\\/feiradeciencias.pucpr.br\\\/2023\\\/wp-content\\\/uploads\\\/sites\\\/3\\\/2022\\\/05\\\/logo-puc-branca-horizontal.png\",\"contentUrl\":\"https:\\\/\\\/feiradeciencias.pucpr.br\\\/2023\\\/wp-content\\\/uploads\\\/sites\\\/3\\\/2022\\\/05\\\/logo-puc-branca-horizontal.png\",\"width\":221,\"height\":100,\"caption\":\"Feira de Ci\u00eancias PUCPR | 2023\"},\"image\":{\"@id\":\"https:\\\/\\\/feiradeciencias.pucpr.br\\\/2023\\\/#\\\/schema\\\/logo\\\/image\\\/\"}}]}<\/script>\n<!-- \/ Yoast SEO plugin. -->","yoast_head_json":{"title":"P\u00e1gina Inicial 2023 - Feira de Ci\u00eancias PUCPR | 2023","robots":{"index":"index","follow":"follow","max-snippet":"max-snippet:-1","max-image-preview":"max-image-preview:large","max-video-preview":"max-video-preview:-1"},"canonical":"https:\/\/feiradeciencias.pucpr.br\/2023\/","og_locale":"pt_BR","og_type":"article","og_title":"P\u00e1gina Inicial 2023 - Feira de Ci\u00eancias PUCPR | 2023","og_description":"24 a 26 de outubro 2023 Sobre os Eventos A 8\u00aa Feira de Ci\u00eancias Junior e a 4\u00aa Mostra Paralela de Ci\u00eancias tem como objetivo incrementar o ensino da ci\u00eancia na Educa\u00e7\u00e3o B\u00e1sica.\u00a0 Estimula a cultura indagativa e cr\u00edtica (pr\u00f3pria da ci\u00eancia), o despertar de voca\u00e7\u00f5es cient\u00edficas e tecnol\u00f3gicas e a capacidade inventiva e investigativa [&hellip;]","og_url":"https:\/\/feiradeciencias.pucpr.br\/2023\/","og_site_name":"Feira de Ci\u00eancias PUCPR | 2023","article_modified_time":"2023-10-17T14:42:45+00:00","og_image":[{"url":"https:\/\/feiradeciencias.pucpr.br\/2023\/wp-content\/uploads\/sites\/3\/2023\/03\/logo-ic.png","type":"","width":"","height":""}],"twitter_card":"summary_large_image","twitter_misc":{"Est. tempo de leitura":"6 minutos"},"schema":{"@context":"https:\/\/schema.org","@graph":[{"@type":"WebPage","@id":"https:\/\/feiradeciencias.pucpr.br\/2023\/","url":"https:\/\/feiradeciencias.pucpr.br\/2023\/","name":"P\u00e1gina Inicial 2023 - Feira de Ci\u00eancias PUCPR | 2023","isPartOf":{"@id":"https:\/\/feiradeciencias.pucpr.br\/2023\/#website"},"primaryImageOfPage":{"@id":"https:\/\/feiradeciencias.pucpr.br\/2023\/#primaryimage"},"image":{"@id":"https:\/\/feiradeciencias.pucpr.br\/2023\/#primaryimage"},"thumbnailUrl":"https:\/\/feiradeciencias.pucpr.br\/2023\/wp-content\/uploads\/sites\/3\/2023\/03\/logo-ic.png","datePublished":"2023-03-14T18:41:25+00:00","dateModified":"2023-10-17T14:42:45+00:00","breadcrumb":{"@id":"https:\/\/feiradeciencias.pucpr.br\/2023\/#breadcrumb"},"inLanguage":"pt-BR","potentialAction":[{"@type":"ReadAction","target":["https:\/\/feiradeciencias.pucpr.br\/2023\/"]}]},{"@type":"ImageObject","inLanguage":"pt-BR","@id":"https:\/\/feiradeciencias.pucpr.br\/2023\/#primaryimage","url":"https:\/\/feiradeciencias.pucpr.br\/2023\/wp-content\/uploads\/sites\/3\/2023\/03\/logo-ic.png","contentUrl":"https:\/\/feiradeciencias.pucpr.br\/2023\/wp-content\/uploads\/sites\/3\/2023\/03\/logo-ic.png","width":500,"height":94},{"@type":"BreadcrumbList","@id":"https:\/\/feiradeciencias.pucpr.br\/2023\/#breadcrumb","itemListElement":[{"@type":"ListItem","position":1,"name":"In\u00edcio","item":"https:\/\/feiradeciencias.pucpr.br\/2023\/"},{"@type":"ListItem","position":2,"name":"P\u00e1gina Inicial 2023"}]},{"@type":"WebSite","@id":"https:\/\/feiradeciencias.pucpr.br\/2023\/#website","url":"https:\/\/feiradeciencias.pucpr.br\/2023\/","name":"Feira de Ci\u00eancias PUCPR | 2023","description":"8\u00aa Feira de Ci\u00eancias J\u00fanior da PUCPR e 4\u00aa Mostra Paralela da PUCPR | 2023","publisher":{"@id":"https:\/\/feiradeciencias.pucpr.br\/2023\/#organization"},"potentialAction":[{"@type":"SearchAction","target":{"@type":"EntryPoint","urlTemplate":"https:\/\/feiradeciencias.pucpr.br\/2023\/?s={search_term_string}"},"query-input":{"@type":"PropertyValueSpecification","valueRequired":true,"valueName":"search_term_string"}}],"inLanguage":"pt-BR"},{"@type":"Organization","@id":"https:\/\/feiradeciencias.pucpr.br\/2023\/#organization","name":"Feira de Ci\u00eancias PUCPR | 2023","url":"https:\/\/feiradeciencias.pucpr.br\/2023\/","logo":{"@type":"ImageObject","inLanguage":"pt-BR","@id":"https:\/\/feiradeciencias.pucpr.br\/2023\/#\/schema\/logo\/image\/","url":"https:\/\/feiradeciencias.pucpr.br\/2023\/wp-content\/uploads\/sites\/3\/2022\/05\/logo-puc-branca-horizontal.png","contentUrl":"https:\/\/feiradeciencias.pucpr.br\/2023\/wp-content\/uploads\/sites\/3\/2022\/05\/logo-puc-branca-horizontal.png","width":221,"height":100,"caption":"Feira de Ci\u00eancias PUCPR | 2023"},"image":{"@id":"https:\/\/feiradeciencias.pucpr.br\/2023\/#\/schema\/logo\/image\/"}}]}},"_links":{"self":[{"href":"https:\/\/feiradeciencias.pucpr.br\/2023\/wp-json\/wp\/v2\/pages\/1689","targetHints":{"allow":["GET"]}}],"collection":[{"href":"https:\/\/feiradeciencias.pucpr.br\/2023\/wp-json\/wp\/v2\/pages"}],"about":[{"href":"https:\/\/feiradeciencias.pucpr.br\/2023\/wp-json\/wp\/v2\/types\/page"}],"author":[{"embeddable":true,"href":"https:\/\/feiradeciencias.pucpr.br\/2023\/wp-json\/wp\/v2\/users\/2"}],"replies":[{"embeddable":true,"href":"https:\/\/feiradeciencias.pucpr.br\/2023\/wp-json\/wp\/v2\/comments?post=1689"}],"version-history":[{"count":350,"href":"https:\/\/feiradeciencias.pucpr.br\/2023\/wp-json\/wp\/v2\/pages\/1689\/revisions"}],"predecessor-version":[{"id":2429,"href":"https:\/\/feiradeciencias.pucpr.br\/2023\/wp-json\/wp\/v2\/pages\/1689\/revisions\/2429"}],"wp:attachment":[{"href":"https:\/\/feiradeciencias.pucpr.br\/2023\/wp-json\/wp\/v2\/media?parent=1689"}],"curies":[{"name":"wp","href":"https:\/\/api.w.org\/{rel}","templated":true}]}}