{"id":2445,"date":"2024-03-14T09:24:29","date_gmt":"2024-03-14T12:24:29","guid":{"rendered":"https:\/\/feiradeciencias.pucpr.br\/2024\/?page_id=2445"},"modified":"2024-10-21T10:54:47","modified_gmt":"2024-10-21T13:54:47","slug":"pagina-inicial-2024","status":"publish","type":"page","link":"https:\/\/feiradeciencias.pucpr.br\/2024\/","title":{"rendered":"9\u00aa Feira de Ci\u00eancias Junior e a 5\u00aa Mostra Paralela de Ci\u00eancias 2024"},"content":{"rendered":"\t\t<div data-elementor-type=\"wp-page\" data-elementor-id=\"2445\" class=\"elementor elementor-2445\" data-elementor-post-type=\"page\">\n\t\t\t\t\t\t<section class=\"elementor-section elementor-top-section elementor-element elementor-element-6fe7a75 elementor-section-full_width elementor-section-height-default elementor-section-height-default\" data-id=\"6fe7a75\" data-element_type=\"section\" data-e-type=\"section\" data-settings=\"{&quot;background_background&quot;:&quot;classic&quot;}\">\n\t\t\t\t\t\t<div class=\"elementor-container elementor-column-gap-no\">\n\t\t\t\t\t<div class=\"elementor-column elementor-col-100 elementor-top-column elementor-element elementor-element-3fad0c3\" data-id=\"3fad0c3\" data-element_type=\"column\" data-e-type=\"column\">\n\t\t\t<div class=\"elementor-widget-wrap elementor-element-populated\">\n\t\t\t\t\t\t<section class=\"elementor-section elementor-inner-section elementor-element elementor-element-e04c36f elementor-section-full_width elementor-section-height-default elementor-section-height-default\" data-id=\"e04c36f\" data-element_type=\"section\" data-e-type=\"section\">\n\t\t\t\t\t\t<div class=\"elementor-container elementor-column-gap-no\">\n\t\t\t\t\t<div class=\"elementor-column elementor-col-33 elementor-inner-column elementor-element elementor-element-581f46b\" data-id=\"581f46b\" data-element_type=\"column\" data-e-type=\"column\">\n\t\t\t<div class=\"elementor-widget-wrap elementor-element-populated\">\n\t\t\t\t\t\t<div class=\"elementor-element elementor-element-ab0df3f elementor-widget elementor-widget-image\" data-id=\"ab0df3f\" data-element_type=\"widget\" data-e-type=\"widget\" data-widget_type=\"image.default\">\n\t\t\t\t<div class=\"elementor-widget-container\">\n\t\t\t\t\t\t\t\t\t\t\t\t\t\t\t<img decoding=\"async\" src=\"https:\/\/feiradeciencias.pucpr.br\/2024\/wp-content\/uploads\/sites\/5\/elementor\/thumbs\/data@2x-e1710419997490-rj3sxbq743oaz94qq18kef0sxmh8fq5scbfeb41534.png\" title=\"data@2x\" alt=\"data@2x\" loading=\"lazy\" \/>\t\t\t\t\t\t\t\t\t\t\t\t\t\t\t<\/div>\n\t\t\t\t<\/div>\n\t\t\t\t\t<\/div>\n\t\t<\/div>\n\t\t\t\t<div class=\"elementor-column elementor-col-33 elementor-inner-column elementor-element elementor-element-64fd019\" data-id=\"64fd019\" data-element_type=\"column\" data-e-type=\"column\">\n\t\t\t<div class=\"elementor-widget-wrap elementor-element-populated\">\n\t\t\t\t\t\t<div class=\"elementor-element elementor-element-f38ee69 elementor-widget elementor-widget-image\" data-id=\"f38ee69\" data-element_type=\"widget\" data-e-type=\"widget\" data-widget_type=\"image.default\">\n\t\t\t\t<div class=\"elementor-widget-container\">\n\t\t\t\t\t\t\t\t\t\t\t\t\t\t\t<img fetchpriority=\"high\" decoding=\"async\" width=\"950\" height=\"791\" src=\"https:\/\/feiradeciencias.pucpr.br\/2024\/wp-content\/uploads\/sites\/5\/2024\/03\/logo-inteira.png\" class=\"attachment-large size-large wp-image-2449\" alt=\"\" srcset=\"https:\/\/feiradeciencias.pucpr.br\/2024\/wp-content\/uploads\/sites\/5\/2024\/03\/logo-inteira.png 950w, https:\/\/feiradeciencias.pucpr.br\/2024\/wp-content\/uploads\/sites\/5\/2024\/03\/logo-inteira-300x250.png 300w, https:\/\/feiradeciencias.pucpr.br\/2024\/wp-content\/uploads\/sites\/5\/2024\/03\/logo-inteira-150x125.png 150w, https:\/\/feiradeciencias.pucpr.br\/2024\/wp-content\/uploads\/sites\/5\/2024\/03\/logo-inteira-768x639.png 768w\" sizes=\"(max-width: 950px) 100vw, 950px\" \/>\t\t\t\t\t\t\t\t\t\t\t\t\t\t\t<\/div>\n\t\t\t\t<\/div>\n\t\t\t\t\t<\/div>\n\t\t<\/div>\n\t\t\t\t<div class=\"elementor-column elementor-col-33 elementor-inner-column elementor-element elementor-element-2f893bd\" data-id=\"2f893bd\" data-element_type=\"column\" data-e-type=\"column\">\n\t\t\t<div class=\"elementor-widget-wrap elementor-element-populated\">\n\t\t\t\t\t\t<div class=\"elementor-element elementor-element-a929f77 elementor-widget elementor-widget-image\" data-id=\"a929f77\" data-element_type=\"widget\" data-e-type=\"widget\" data-widget_type=\"image.default\">\n\t\t\t\t<div class=\"elementor-widget-container\">\n\t\t\t\t\t\t\t\t\t\t\t\t\t\t\t<img decoding=\"async\" src=\"https:\/\/feiradeciencias.pucpr.br\/2024\/wp-content\/uploads\/sites\/5\/elementor\/thumbs\/assinatura@2x-rj3sxbq743ol7jsvw2ksnyxt4jpc2o5dn26bblam80.png\" title=\"assinatura@2x\" alt=\"assinatura@2x\" loading=\"lazy\" \/>\t\t\t\t\t\t\t\t\t\t\t\t\t\t\t<\/div>\n\t\t\t\t<\/div>\n\t\t\t\t\t<\/div>\n\t\t<\/div>\n\t\t\t\t\t<\/div>\n\t\t<\/section>\n\t\t\t\t\t<\/div>\n\t\t<\/div>\n\t\t\t\t\t<\/div>\n\t\t<\/section>\n\t\t\t\t<section class=\"elementor-section elementor-top-section elementor-element elementor-element-e209977 elementor-section-full_width elementor-section-height-default elementor-section-height-default\" data-id=\"e209977\" data-element_type=\"section\" data-e-type=\"section\" data-settings=\"{&quot;background_background&quot;:&quot;classic&quot;}\">\n\t\t\t\t\t\t<div class=\"elementor-container elementor-column-gap-no\">\n\t\t\t\t\t<div class=\"elementor-column elementor-col-50 elementor-top-column elementor-element elementor-element-cb024cc\" data-id=\"cb024cc\" data-element_type=\"column\" data-e-type=\"column\" data-settings=\"{&quot;background_background&quot;:&quot;classic&quot;}\">\n\t\t\t<div class=\"elementor-widget-wrap elementor-element-populated\">\n\t\t\t\t\t\t<div class=\"elementor-element elementor-element-c256b3d elementor-widget elementor-widget-menu-anchor\" data-id=\"c256b3d\" data-element_type=\"widget\" data-e-type=\"widget\" data-widget_type=\"menu-anchor.default\">\n\t\t\t\t<div class=\"elementor-widget-container\">\n\t\t\t\t\t\t\t<div class=\"elementor-menu-anchor\" id=\"apresentacao\"><\/div>\n\t\t\t\t\t\t<\/div>\n\t\t\t\t<\/div>\n\t\t\t\t<div class=\"elementor-element elementor-element-85d33b1 elementor-widget elementor-widget-heading\" data-id=\"85d33b1\" data-element_type=\"widget\" data-e-type=\"widget\" data-widget_type=\"heading.default\">\n\t\t\t\t<div class=\"elementor-widget-container\">\n\t\t\t\t\t<h2 class=\"elementor-heading-title elementor-size-default\">Sobre os Eventos<\/h2>\t\t\t\t<\/div>\n\t\t\t\t<\/div>\n\t\t\t\t<div class=\"elementor-element elementor-element-c480fb0 elementor-widget elementor-widget-text-editor\" data-id=\"c480fb0\" data-element_type=\"widget\" data-e-type=\"widget\" data-widget_type=\"text-editor.default\">\n\t\t\t\t<div class=\"elementor-widget-container\">\n\t\t\t\t\t\t\t\t\t<p><span data-contrast=\"auto\">A 9\u00aa Feira de Ci\u00eancias Junior e a 5\u00aa Mostra Paralela de Ci\u00eancias tem como objetivo incrementar o ensino da ci\u00eancia na Educa\u00e7\u00e3o B\u00e1sica e estimular a cultura indagativa e cr\u00edtica (pr\u00f3pria da ci\u00eancia), o despertar de voca\u00e7\u00f5es cient\u00edficas e tecnol\u00f3gicas e a capacidade inventiva e investigativa que contribuem para promover o desenvolvimento da sociedade.<\/span><span data-ccp-props=\"{&quot;335551550&quot;:6,&quot;335551620&quot;:6}\">\u00a0<\/span><\/p><p><span data-contrast=\"auto\">A cada ano temos um eixo tem\u00e1tico de uma das \u00e1reas estrat\u00e9gicas da PUCPR. O tema desse ano \u00e9 \u201cEnergia\u201d e os trabalhos participantes devem ter ader\u00eancia a um dos quatro Objetivos de Desenvolvimento Sustent\u00e1vel da ONU:\u00a0<\/span><span data-ccp-props=\"{&quot;335551550&quot;:6,&quot;335551620&quot;:6}\">\u00a0<\/span><\/p><p><span data-contrast=\"auto\">Em paralelo integrado aos eventos voltados para a Educa\u00e7\u00e3o B\u00e1sica, temos a realiza\u00e7\u00e3o do Semin\u00e1rio de Inicia\u00e7\u00e3o Cient\u00edfica (SEMIC) e o Semin\u00e1rio de Inicia\u00e7\u00e3o em Desenvolvimento Tecnol\u00f3gico e Inova\u00e7\u00e3o (SEMITI). Dessa forma, todos os inscritos na Feira ou na Mostra Paralela de Ci\u00eancias J\u00fanior da PUCPR poder\u00e3o participar de diversas palestras e oficinas que estamos preparando com dedica\u00e7\u00e3o para voc\u00eas. Al\u00e9m disso, ser\u00e1 poss\u00edvel visitar os trabalhos dos outros participantes e de seus colegas nos outros eventos, ampliando ainda mais seus conhecimentos e fazendo novas conex\u00f5es!<\/span><span data-ccp-props=\"{&quot;335551550&quot;:6,&quot;335551620&quot;:6}\">\u00a0<\/span><\/p><p><span data-contrast=\"auto\"><b>Esperamos encontr\u00e1-los(as) em breve<\/b>!<\/span><span data-ccp-props=\"{&quot;335551550&quot;:6,&quot;335551620&quot;:6}\">\u00a0<\/span><\/p>\t\t\t\t\t\t\t\t<\/div>\n\t\t\t\t<\/div>\n\t\t\t\t<div class=\"elementor-element elementor-element-27156fe elementor-align-center elementor-widget elementor-widget-button\" data-id=\"27156fe\" data-element_type=\"widget\" data-e-type=\"widget\" data-widget_type=\"button.default\">\n\t\t\t\t<div class=\"elementor-widget-container\">\n\t\t\t\t\t\t\t\t\t<div class=\"elementor-button-wrapper\">\n\t\t\t\t\t<a class=\"elementor-button elementor-button-link elementor-size-sm\" href=\"https:\/\/semic.pucpr.br\/2024\/wp-content\/uploads\/sites\/5\/2024\/10\/PROGRAMACAO_FEIRA_VF.pdf\" target=\"_blank\">\n\t\t\t\t\t\t<span class=\"elementor-button-content-wrapper\">\n\t\t\t\t\t\t\t\t\t<span class=\"elementor-button-text\">Acessar Programa\u00e7\u00e3o<\/span>\n\t\t\t\t\t<\/span>\n\t\t\t\t\t<\/a>\n\t\t\t\t<\/div>\n\t\t\t\t\t\t\t\t<\/div>\n\t\t\t\t<\/div>\n\t\t\t\t\t<\/div>\n\t\t<\/div>\n\t\t\t\t<div class=\"elementor-column elementor-col-50 elementor-top-column elementor-element elementor-element-12d3cea\" data-id=\"12d3cea\" data-element_type=\"column\" data-e-type=\"column\" data-settings=\"{&quot;background_background&quot;:&quot;classic&quot;}\">\n\t\t\t<div class=\"elementor-widget-wrap elementor-element-populated\">\n\t\t\t\t\t\t<section class=\"elementor-section elementor-inner-section elementor-element elementor-element-f208217 elementor-section-boxed elementor-section-height-default elementor-section-height-default\" data-id=\"f208217\" data-element_type=\"section\" data-e-type=\"section\">\n\t\t\t\t\t\t<div class=\"elementor-container elementor-column-gap-default\">\n\t\t\t\t\t<div class=\"elementor-column elementor-col-100 elementor-inner-column elementor-element elementor-element-918701f\" data-id=\"918701f\" data-element_type=\"column\" data-e-type=\"column\">\n\t\t\t<div class=\"elementor-widget-wrap elementor-element-populated\">\n\t\t\t\t\t\t<div class=\"elementor-element elementor-element-004a04e elementor-widget elementor-widget-image\" data-id=\"004a04e\" data-element_type=\"widget\" data-e-type=\"widget\" data-widget_type=\"image.default\">\n\t\t\t\t<div class=\"elementor-widget-container\">\n\t\t\t\t\t\t\t\t\t\t\t\t\t\t\t<img decoding=\"async\" width=\"287\" height=\"287\" src=\"https:\/\/feiradeciencias.pucpr.br\/2024\/wp-content\/uploads\/sites\/5\/2024\/03\/ods-2024.png\" class=\"attachment-full size-full wp-image-2631\" alt=\"\" srcset=\"https:\/\/feiradeciencias.pucpr.br\/2024\/wp-content\/uploads\/sites\/5\/2024\/03\/ods-2024.png 287w, https:\/\/feiradeciencias.pucpr.br\/2024\/wp-content\/uploads\/sites\/5\/2024\/03\/ods-2024-150x150.png 150w\" sizes=\"(max-width: 287px) 100vw, 287px\" \/>\t\t\t\t\t\t\t\t\t\t\t\t\t\t\t<\/div>\n\t\t\t\t<\/div>\n\t\t\t\t\t<\/div>\n\t\t<\/div>\n\t\t\t\t\t<\/div>\n\t\t<\/section>\n\t\t\t\t<div class=\"elementor-element elementor-element-33a62bb elementor-align-center elementor-widget elementor-widget-button\" data-id=\"33a62bb\" data-element_type=\"widget\" data-e-type=\"widget\" data-widget_type=\"button.default\">\n\t\t\t\t<div class=\"elementor-widget-container\">\n\t\t\t\t\t\t\t\t\t<div class=\"elementor-button-wrapper\">\n\t\t\t\t\t<a class=\"elementor-button elementor-button-link elementor-size-sm\" href=\"https:\/\/brasil.un.org\/pt-br\/sdgs\" target=\"_blank\">\n\t\t\t\t\t\t<span class=\"elementor-button-content-wrapper\">\n\t\t\t\t\t\t\t\t\t<span class=\"elementor-button-text\">Para saber mais sobre os Objetivos de Desenvolvimento Sustent\u00e1vel (ODS) da ONU, clique aqui<\/span>\n\t\t\t\t\t<\/span>\n\t\t\t\t\t<\/a>\n\t\t\t\t<\/div>\n\t\t\t\t\t\t\t\t<\/div>\n\t\t\t\t<\/div>\n\t\t\t\t\t<\/div>\n\t\t<\/div>\n\t\t\t\t\t<\/div>\n\t\t<\/section>\n\t\t\t\t<section class=\"elementor-section elementor-top-section elementor-element elementor-element-174c50b elementor-section-full_width elementor-section-height-default elementor-section-height-default\" data-id=\"174c50b\" data-element_type=\"section\" data-e-type=\"section\" data-settings=\"{&quot;background_background&quot;:&quot;classic&quot;}\">\n\t\t\t\t\t\t<div class=\"elementor-container elementor-column-gap-no\">\n\t\t\t\t\t<div class=\"elementor-column elementor-col-50 elementor-top-column elementor-element elementor-element-8679e5c\" data-id=\"8679e5c\" data-element_type=\"column\" data-e-type=\"column\">\n\t\t\t<div class=\"elementor-widget-wrap elementor-element-populated\">\n\t\t\t\t\t\t<div class=\"elementor-element elementor-element-c687b3e elementor-widget elementor-widget-heading\" data-id=\"c687b3e\" data-element_type=\"widget\" data-e-type=\"widget\" data-widget_type=\"heading.default\">\n\t\t\t\t<div class=\"elementor-widget-container\">\n\t\t\t\t\t<h2 class=\"elementor-heading-title elementor-size-default\">INSCRI\u00c7\u00c3O e DOCUMENTOS<\/h2>\t\t\t\t<\/div>\n\t\t\t\t<\/div>\n\t\t\t\t<div class=\"elementor-element elementor-element-3259e34 elementor-align-center elementor-widget elementor-widget-button\" data-id=\"3259e34\" data-element_type=\"widget\" data-e-type=\"widget\" data-widget_type=\"button.default\">\n\t\t\t\t<div class=\"elementor-widget-container\">\n\t\t\t\t\t\t\t\t\t<div class=\"elementor-button-wrapper\">\n\t\t\t\t\t<a class=\"elementor-button elementor-button-link elementor-size-sm\" href=\"https:\/\/static.pucpr.br\/pucpr\/2024\/09\/edital-27_2024-resultado-dos-projetos-selecionados-para-a-9a-feira-de-ciecc82ncias-junior-e-5a-mostra-paralela-da-pucpr.pdf\" target=\"_blank\">\n\t\t\t\t\t\t<span class=\"elementor-button-content-wrapper\">\n\t\t\t\t\t\t\t\t\t<span class=\"elementor-button-text\">Edital 27\/2024 - Projetos Selecionados<br> (9\u00ba FEIRA E 5\u00aa MOSTRA PARALELA)<\/span>\n\t\t\t\t\t<\/span>\n\t\t\t\t\t<\/a>\n\t\t\t\t<\/div>\n\t\t\t\t\t\t\t\t<\/div>\n\t\t\t\t<\/div>\n\t\t\t\t<div class=\"elementor-element elementor-element-89ac22f elementor-align-center elementor-widget elementor-widget-button\" data-id=\"89ac22f\" data-element_type=\"widget\" data-e-type=\"widget\" data-widget_type=\"button.default\">\n\t\t\t\t<div class=\"elementor-widget-container\">\n\t\t\t\t\t\t\t\t\t<div class=\"elementor-button-wrapper\">\n\t\t\t\t\t<a class=\"elementor-button elementor-button-link elementor-size-sm\" href=\"http:\/\/feiradeciencias.pucpr.br\/wp-content\/uploads\/2024\/03\/EDITAL_03_2024_Chamada-Feira.pdf\" target=\"_blank\">\n\t\t\t\t\t\t<span class=\"elementor-button-content-wrapper\">\n\t\t\t\t\t\t\t\t\t<span class=\"elementor-button-text\">Edital 03\/2024 - Chamada de Projetos - Feira de Ci\u00eancias<\/span>\n\t\t\t\t\t<\/span>\n\t\t\t\t\t<\/a>\n\t\t\t\t<\/div>\n\t\t\t\t\t\t\t\t<\/div>\n\t\t\t\t<\/div>\n\t\t\t\t<div class=\"elementor-element elementor-element-3d627dc elementor-align-center elementor-widget elementor-widget-button\" data-id=\"3d627dc\" data-element_type=\"widget\" data-e-type=\"widget\" data-widget_type=\"button.default\">\n\t\t\t\t<div class=\"elementor-widget-container\">\n\t\t\t\t\t\t\t\t\t<div class=\"elementor-button-wrapper\">\n\t\t\t\t\t<a class=\"elementor-button elementor-button-link elementor-size-sm\" href=\"https:\/\/static.pucpr.br\/pucpr\/2024\/10\/edital-32_2024-edital-professor-destaque.pdf\" target=\"_blank\">\n\t\t\t\t\t\t<span class=\"elementor-button-content-wrapper\">\n\t\t\t\t\t\t\t\t\t<span class=\"elementor-button-text\"> Edital 32\/2024 - Finalistas - Pr\u00eamio Professor Destaque<\/span>\n\t\t\t\t\t<\/span>\n\t\t\t\t\t<\/a>\n\t\t\t\t<\/div>\n\t\t\t\t\t\t\t\t<\/div>\n\t\t\t\t<\/div>\n\t\t\t\t<div class=\"elementor-element elementor-element-19aa650 elementor-align-center elementor-widget elementor-widget-button\" data-id=\"19aa650\" data-element_type=\"widget\" data-e-type=\"widget\" data-widget_type=\"button.default\">\n\t\t\t\t<div class=\"elementor-widget-container\">\n\t\t\t\t\t\t\t\t\t<div class=\"elementor-button-wrapper\">\n\t\t\t\t\t<a class=\"elementor-button elementor-button-link elementor-size-sm\" href=\"http:\/\/feiradeciencias.pucpr.br\/wp-content\/uploads\/2023\/08\/Feira-PPT-Template.pptx\" target=\"_blank\">\n\t\t\t\t\t\t<span class=\"elementor-button-content-wrapper\">\n\t\t\t\t\t\t\t\t\t<span class=\"elementor-button-text\">Template Professor Destaque<\/span>\n\t\t\t\t\t<\/span>\n\t\t\t\t\t<\/a>\n\t\t\t\t<\/div>\n\t\t\t\t\t\t\t\t<\/div>\n\t\t\t\t<\/div>\n\t\t\t\t\t<\/div>\n\t\t<\/div>\n\t\t\t\t<div class=\"elementor-column elementor-col-50 elementor-top-column elementor-element elementor-element-ef39897\" data-id=\"ef39897\" data-element_type=\"column\" data-e-type=\"column\">\n\t\t\t<div class=\"elementor-widget-wrap elementor-element-populated\">\n\t\t\t\t\t\t<div class=\"elementor-element elementor-element-b7203b6 elementor-widget elementor-widget-menu-anchor\" data-id=\"b7203b6\" data-element_type=\"widget\" data-e-type=\"widget\" data-widget_type=\"menu-anchor.default\">\n\t\t\t\t<div class=\"elementor-widget-container\">\n\t\t\t\t\t\t\t<div class=\"elementor-menu-anchor\" id=\"cronograma\"><\/div>\n\t\t\t\t\t\t<\/div>\n\t\t\t\t<\/div>\n\t\t\t\t<div class=\"elementor-element elementor-element-b585fde elementor-widget elementor-widget-heading\" data-id=\"b585fde\" data-element_type=\"widget\" data-e-type=\"widget\" data-widget_type=\"heading.default\">\n\t\t\t\t<div class=\"elementor-widget-container\">\n\t\t\t\t\t<h2 class=\"elementor-heading-title elementor-size-default\">CRONOGRAMA\u200b<\/h2>\t\t\t\t<\/div>\n\t\t\t\t<\/div>\n\t\t\t\t<div class=\"elementor-element elementor-element-fa8640b elementor-widget elementor-widget-toggle\" data-id=\"fa8640b\" data-element_type=\"widget\" data-e-type=\"widget\" data-widget_type=\"toggle.default\">\n\t\t\t\t<div class=\"elementor-widget-container\">\n\t\t\t\t\t\t\t<div class=\"elementor-toggle\">\n\t\t\t\t\t\t\t<div class=\"elementor-toggle-item\">\n\t\t\t\t\t<div id=\"elementor-tab-title-2621\" class=\"elementor-tab-title\" data-tab=\"1\" role=\"button\" aria-controls=\"elementor-tab-content-2621\" aria-expanded=\"false\">\n\t\t\t\t\t\t\t\t\t\t\t\t<span class=\"elementor-toggle-icon elementor-toggle-icon-left\" aria-hidden=\"true\">\n\t\t\t\t\t\t\t\t\t\t\t\t\t\t\t<span class=\"elementor-toggle-icon-closed\"><i class=\"fas fa-caret-right\"><\/i><\/span>\n\t\t\t\t\t\t\t\t<span class=\"elementor-toggle-icon-opened\"><i class=\"elementor-toggle-icon-opened fas fa-caret-up\"><\/i><\/span>\n\t\t\t\t\t\t\t\t\t\t\t\t\t<\/span>\n\t\t\t\t\t\t\t\t\t\t\t\t<a class=\"elementor-toggle-title\" tabindex=\"0\">18 de mar\u00e7o de 2024<\/a>\n\t\t\t\t\t<\/div>\n\n\t\t\t\t\t<div id=\"elementor-tab-content-2621\" class=\"elementor-tab-content elementor-clearfix\" data-tab=\"1\" role=\"region\" aria-labelledby=\"elementor-tab-title-2621\"><ul><li><span class=\"TextRun SCXW89516992 BCX8\" lang=\"PT-BR\" xml:lang=\"PT-BR\" data-contrast=\"auto\"><span class=\"NormalTextRun SCXW89516992 BCX8\">L<\/span><span class=\"NormalTextRun SCXW89516992 BCX8\">an\u00e7amento d<\/span><span class=\"NormalTextRun SCXW89516992 BCX8\">o<\/span><span class=\"NormalTextRun SCXW89516992 BCX8\"> edital<\/span><\/span><\/li><\/ul><\/div>\n\t\t\t\t<\/div>\n\t\t\t\t\t\t\t<div class=\"elementor-toggle-item\">\n\t\t\t\t\t<div id=\"elementor-tab-title-2622\" class=\"elementor-tab-title\" data-tab=\"2\" role=\"button\" aria-controls=\"elementor-tab-content-2622\" aria-expanded=\"false\">\n\t\t\t\t\t\t\t\t\t\t\t\t<span class=\"elementor-toggle-icon elementor-toggle-icon-left\" aria-hidden=\"true\">\n\t\t\t\t\t\t\t\t\t\t\t\t\t\t\t<span class=\"elementor-toggle-icon-closed\"><i class=\"fas fa-caret-right\"><\/i><\/span>\n\t\t\t\t\t\t\t\t<span class=\"elementor-toggle-icon-opened\"><i class=\"elementor-toggle-icon-opened fas fa-caret-up\"><\/i><\/span>\n\t\t\t\t\t\t\t\t\t\t\t\t\t<\/span>\n\t\t\t\t\t\t\t\t\t\t\t\t<a class=\"elementor-toggle-title\" tabindex=\"0\">20 de maio a 05 de agosto de 2024<\/a>\n\t\t\t\t\t<\/div>\n\n\t\t\t\t\t<div id=\"elementor-tab-content-2622\" class=\"elementor-tab-content elementor-clearfix\" data-tab=\"2\" role=\"region\" aria-labelledby=\"elementor-tab-title-2622\"><ul><li>Per\u00edodo de inscri\u00e7\u00e3o para o evento.<\/li><\/ul><\/div>\n\t\t\t\t<\/div>\n\t\t\t\t\t\t\t<div class=\"elementor-toggle-item\">\n\t\t\t\t\t<div id=\"elementor-tab-title-2623\" class=\"elementor-tab-title\" data-tab=\"3\" role=\"button\" aria-controls=\"elementor-tab-content-2623\" aria-expanded=\"false\">\n\t\t\t\t\t\t\t\t\t\t\t\t<span class=\"elementor-toggle-icon elementor-toggle-icon-left\" aria-hidden=\"true\">\n\t\t\t\t\t\t\t\t\t\t\t\t\t\t\t<span class=\"elementor-toggle-icon-closed\"><i class=\"fas fa-caret-right\"><\/i><\/span>\n\t\t\t\t\t\t\t\t<span class=\"elementor-toggle-icon-opened\"><i class=\"elementor-toggle-icon-opened fas fa-caret-up\"><\/i><\/span>\n\t\t\t\t\t\t\t\t\t\t\t\t\t<\/span>\n\t\t\t\t\t\t\t\t\t\t\t\t<a class=\"elementor-toggle-title\" tabindex=\"0\">Agosto de 2024<\/a>\n\t\t\t\t\t<\/div>\n\n\t\t\t\t\t<div id=\"elementor-tab-content-2623\" class=\"elementor-tab-content elementor-clearfix\" data-tab=\"3\" role=\"region\" aria-labelledby=\"elementor-tab-title-2623\"><ul><li><span class=\"TextRun SCXW219603520 BCX8\" lang=\"PT-BR\" xml:lang=\"PT-BR\" data-contrast=\"auto\"><span class=\"NormalTextRun SCXW219603520 BCX8\">Avalia\u00e7\u00e3o dos trabalhos inscritos<\/span><\/span><\/li><\/ul><\/div>\n\t\t\t\t<\/div>\n\t\t\t\t\t\t\t<div class=\"elementor-toggle-item\">\n\t\t\t\t\t<div id=\"elementor-tab-title-2624\" class=\"elementor-tab-title\" data-tab=\"4\" role=\"button\" aria-controls=\"elementor-tab-content-2624\" aria-expanded=\"false\">\n\t\t\t\t\t\t\t\t\t\t\t\t<span class=\"elementor-toggle-icon elementor-toggle-icon-left\" aria-hidden=\"true\">\n\t\t\t\t\t\t\t\t\t\t\t\t\t\t\t<span class=\"elementor-toggle-icon-closed\"><i class=\"fas fa-caret-right\"><\/i><\/span>\n\t\t\t\t\t\t\t\t<span class=\"elementor-toggle-icon-opened\"><i class=\"elementor-toggle-icon-opened fas fa-caret-up\"><\/i><\/span>\n\t\t\t\t\t\t\t\t\t\t\t\t\t<\/span>\n\t\t\t\t\t\t\t\t\t\t\t\t<a class=\"elementor-toggle-title\" tabindex=\"0\">01 a 23 de outubro de 2024<\/a>\n\t\t\t\t\t<\/div>\n\n\t\t\t\t\t<div id=\"elementor-tab-content-2624\" class=\"elementor-tab-content elementor-clearfix\" data-tab=\"4\" role=\"region\" aria-labelledby=\"elementor-tab-title-2624\"><ul><li><span class=\"TextRun SCXW18139142 BCX8\" lang=\"PT-BR\" xml:lang=\"PT-BR\" data-contrast=\"auto\"><span class=\"NormalTextRun SCXW18139142 BCX8\">Per\u00edodo de vota\u00e7\u00e3o popular<\/span><\/span><\/li><\/ul><\/div>\n\t\t\t\t<\/div>\n\t\t\t\t\t\t\t<div class=\"elementor-toggle-item\">\n\t\t\t\t\t<div id=\"elementor-tab-title-2625\" class=\"elementor-tab-title\" data-tab=\"5\" role=\"button\" aria-controls=\"elementor-tab-content-2625\" aria-expanded=\"false\">\n\t\t\t\t\t\t\t\t\t\t\t\t<span class=\"elementor-toggle-icon elementor-toggle-icon-left\" aria-hidden=\"true\">\n\t\t\t\t\t\t\t\t\t\t\t\t\t\t\t<span class=\"elementor-toggle-icon-closed\"><i class=\"fas fa-caret-right\"><\/i><\/span>\n\t\t\t\t\t\t\t\t<span class=\"elementor-toggle-icon-opened\"><i class=\"elementor-toggle-icon-opened fas fa-caret-up\"><\/i><\/span>\n\t\t\t\t\t\t\t\t\t\t\t\t\t<\/span>\n\t\t\t\t\t\t\t\t\t\t\t\t<a class=\"elementor-toggle-title\" tabindex=\"0\">22 a 24 de outubro de 2024<\/a>\n\t\t\t\t\t<\/div>\n\n\t\t\t\t\t<div id=\"elementor-tab-content-2625\" class=\"elementor-tab-content elementor-clearfix\" data-tab=\"5\" role=\"region\" aria-labelledby=\"elementor-tab-title-2625\"><ul><li><span class=\"TextRun SCXW35032615 BCX8\" lang=\"PT-BR\" xml:lang=\"PT-BR\" data-contrast=\"auto\"><span class=\"NormalTextRun SCXW35032615 BCX8\">Apresenta\u00e7\u00e3o dos trabalhos<\/span><\/span><\/li><\/ul><\/div>\n\t\t\t\t<\/div>\n\t\t\t\t\t\t\t<div class=\"elementor-toggle-item\">\n\t\t\t\t\t<div id=\"elementor-tab-title-2626\" class=\"elementor-tab-title\" data-tab=\"6\" role=\"button\" aria-controls=\"elementor-tab-content-2626\" aria-expanded=\"false\">\n\t\t\t\t\t\t\t\t\t\t\t\t<span class=\"elementor-toggle-icon elementor-toggle-icon-left\" aria-hidden=\"true\">\n\t\t\t\t\t\t\t\t\t\t\t\t\t\t\t<span class=\"elementor-toggle-icon-closed\"><i class=\"fas fa-caret-right\"><\/i><\/span>\n\t\t\t\t\t\t\t\t<span class=\"elementor-toggle-icon-opened\"><i class=\"elementor-toggle-icon-opened fas fa-caret-up\"><\/i><\/span>\n\t\t\t\t\t\t\t\t\t\t\t\t\t<\/span>\n\t\t\t\t\t\t\t\t\t\t\t\t<a class=\"elementor-toggle-title\" tabindex=\"0\">24 de outubro de 2024<\/a>\n\t\t\t\t\t<\/div>\n\n\t\t\t\t\t<div id=\"elementor-tab-content-2626\" class=\"elementor-tab-content elementor-clearfix\" data-tab=\"6\" role=\"region\" aria-labelledby=\"elementor-tab-title-2626\"><ul><li><span class=\"TextRun SCXW94343211 BCX8\" lang=\"PT-BR\" xml:lang=\"PT-BR\" data-contrast=\"auto\"><span class=\"NormalTextRun SCXW94343211 BCX8\">Divulga\u00e7\u00e3o das Premia\u00e7\u00f5es<\/span><\/span><\/li><\/ul><\/div>\n\t\t\t\t<\/div>\n\t\t\t\t\t\t\t\t<\/div>\n\t\t\t\t\t\t<\/div>\n\t\t\t\t<\/div>\n\t\t\t\t\t<\/div>\n\t\t<\/div>\n\t\t\t\t\t<\/div>\n\t\t<\/section>\n\t\t\t\t<section class=\"elementor-section elementor-top-section elementor-element elementor-element-696e225 elementor-section-full_width elementor-section-height-default elementor-section-height-default\" data-id=\"696e225\" data-element_type=\"section\" data-e-type=\"section\" data-settings=\"{&quot;background_background&quot;:&quot;classic&quot;}\">\n\t\t\t\t\t\t<div class=\"elementor-container elementor-column-gap-no\">\n\t\t\t\t\t<div class=\"elementor-column elementor-col-50 elementor-top-column elementor-element elementor-element-693c762\" data-id=\"693c762\" data-element_type=\"column\" data-e-type=\"column\" data-settings=\"{&quot;background_background&quot;:&quot;classic&quot;}\">\n\t\t\t<div class=\"elementor-widget-wrap elementor-element-populated\">\n\t\t\t\t\t\t<div class=\"elementor-element elementor-element-8da5e71 elementor-widget elementor-widget-menu-anchor\" data-id=\"8da5e71\" data-element_type=\"widget\" data-e-type=\"widget\" data-widget_type=\"menu-anchor.default\">\n\t\t\t\t<div class=\"elementor-widget-container\">\n\t\t\t\t\t\t\t<div class=\"elementor-menu-anchor\" id=\"premiacao\"><\/div>\n\t\t\t\t\t\t<\/div>\n\t\t\t\t<\/div>\n\t\t\t\t<div class=\"elementor-element elementor-element-4dde719 elementor-widget elementor-widget-heading\" data-id=\"4dde719\" data-element_type=\"widget\" data-e-type=\"widget\" data-widget_type=\"heading.default\">\n\t\t\t\t<div class=\"elementor-widget-container\">\n\t\t\t\t\t<h2 class=\"elementor-heading-title elementor-size-default\">PREMIA\u00c7\u00c3O<\/h2>\t\t\t\t<\/div>\n\t\t\t\t<\/div>\n\t\t\t\t<div class=\"elementor-element elementor-element-6a64fff elementor-widget elementor-widget-text-editor\" data-id=\"6a64fff\" data-element_type=\"widget\" data-e-type=\"widget\" data-widget_type=\"text-editor.default\">\n\t\t\t\t<div class=\"elementor-widget-container\">\n\t\t\t\t\t\t\t\t\t<p>Os melhores trabalhos concorrer\u00e3o a premia\u00e7\u00e3o, inclusive bolsas de Inicia\u00e7\u00e3o Cient\u00edfica Junior!<\/p>\t\t\t\t\t\t\t\t<\/div>\n\t\t\t\t<\/div>\n\t\t\t\t<div class=\"elementor-element elementor-element-d14c6d6 elementor-widget elementor-widget-text-editor\" data-id=\"d14c6d6\" data-element_type=\"widget\" data-e-type=\"widget\" data-widget_type=\"text-editor.default\">\n\t\t\t\t<div class=\"elementor-widget-container\">\n\t\t\t\t\t\t\t\t\t<p>Tamb\u00e9m temos o \u201cPr\u00eamio Professor Destaque em Educa\u00e7\u00e3o Cient\u00edfica\u201d estabelecido para prestigiar os professores que fazem a diferen\u00e7a na vida de seus estudantes e na educa\u00e7\u00e3o brasileira!<\/p>\t\t\t\t\t\t\t\t<\/div>\n\t\t\t\t<\/div>\n\t\t\t\t<div class=\"elementor-element elementor-element-7563bfa elementor-align-center elementor-widget elementor-widget-button\" data-id=\"7563bfa\" data-element_type=\"widget\" data-e-type=\"widget\" data-widget_type=\"button.default\">\n\t\t\t\t<div class=\"elementor-widget-container\">\n\t\t\t\t\t\t\t\t\t<div class=\"elementor-button-wrapper\">\n\t\t\t\t\t<a class=\"elementor-button elementor-button-link elementor-size-sm\" href=\"https:\/\/feiradeciencias.pucpr.br\/professor-destaque\/\">\n\t\t\t\t\t\t<span class=\"elementor-button-content-wrapper\">\n\t\t\t\t\t\t\t\t\t<span class=\"elementor-button-text\">Saiba mais<\/span>\n\t\t\t\t\t<\/span>\n\t\t\t\t\t<\/a>\n\t\t\t\t<\/div>\n\t\t\t\t\t\t\t\t<\/div>\n\t\t\t\t<\/div>\n\t\t\t\t\t<\/div>\n\t\t<\/div>\n\t\t\t\t<div class=\"elementor-column elementor-col-50 elementor-top-column elementor-element elementor-element-669ecad\" data-id=\"669ecad\" data-element_type=\"column\" data-e-type=\"column\" data-settings=\"{&quot;background_background&quot;:&quot;classic&quot;}\">\n\t\t\t<div class=\"elementor-widget-wrap elementor-element-populated\">\n\t\t\t\t\t\t<div class=\"elementor-element elementor-element-83e8ddd elementor-widget elementor-widget-menu-anchor\" data-id=\"83e8ddd\" data-element_type=\"widget\" data-e-type=\"widget\" data-widget_type=\"menu-anchor.default\">\n\t\t\t\t<div class=\"elementor-widget-container\">\n\t\t\t\t\t\t\t<div class=\"elementor-menu-anchor\" id=\"premiacao\"><\/div>\n\t\t\t\t\t\t<\/div>\n\t\t\t\t<\/div>\n\t\t\t\t<div class=\"elementor-element elementor-element-2a452e4 elementor-widget elementor-widget-heading\" data-id=\"2a452e4\" data-element_type=\"widget\" data-e-type=\"widget\" data-widget_type=\"heading.default\">\n\t\t\t\t<div class=\"elementor-widget-container\">\n\t\t\t\t\t<h2 class=\"elementor-heading-title elementor-size-default\">Edi\u00e7\u00f5es Anteriores<\/h2>\t\t\t\t<\/div>\n\t\t\t\t<\/div>\n\t\t\t\t<div class=\"elementor-element elementor-element-6625ca8 elementor-widget elementor-widget-text-editor\" data-id=\"6625ca8\" data-element_type=\"widget\" data-e-type=\"widget\" data-widget_type=\"text-editor.default\">\n\t\t\t\t<div class=\"elementor-widget-container\">\n\t\t\t\t\t\t\t\t\t<p>Para mais informa\u00e7\u00f5es sobre as edi\u00e7\u00f5es anteriores e anais dos eventos, acesse:<\/p>\t\t\t\t\t\t\t\t<\/div>\n\t\t\t\t<\/div>\n\t\t\t\t<div class=\"elementor-element elementor-element-aaf902f elementor-align-center elementor-widget elementor-widget-button\" data-id=\"aaf902f\" data-element_type=\"widget\" data-e-type=\"widget\" data-widget_type=\"button.default\">\n\t\t\t\t<div class=\"elementor-widget-container\">\n\t\t\t\t\t\t\t\t\t<div class=\"elementor-button-wrapper\">\n\t\t\t\t\t<a class=\"elementor-button elementor-button-link elementor-size-sm\" href=\"https:\/\/feiradeciencias.pucpr.br\/edicoes-anteriores\/\">\n\t\t\t\t\t\t<span class=\"elementor-button-content-wrapper\">\n\t\t\t\t\t\t\t\t\t<span class=\"elementor-button-text\">Saiba mais<\/span>\n\t\t\t\t\t<\/span>\n\t\t\t\t\t<\/a>\n\t\t\t\t<\/div>\n\t\t\t\t\t\t\t\t<\/div>\n\t\t\t\t<\/div>\n\t\t\t\t\t<\/div>\n\t\t<\/div>\n\t\t\t\t\t<\/div>\n\t\t<\/section>\n\t\t\t\t<section class=\"elementor-section elementor-top-section elementor-element elementor-element-cca56fa elementor-section-full_width elementor-section-height-default elementor-section-height-default\" data-id=\"cca56fa\" data-element_type=\"section\" data-e-type=\"section\">\n\t\t\t\t\t\t<div class=\"elementor-container elementor-column-gap-no\">\n\t\t\t\t\t<div class=\"elementor-column elementor-col-100 elementor-top-column elementor-element elementor-element-2fe3ece\" data-id=\"2fe3ece\" data-element_type=\"column\" data-e-type=\"column\">\n\t\t\t<div class=\"elementor-widget-wrap elementor-element-populated\">\n\t\t\t\t\t\t<div class=\"elementor-element elementor-element-c3ba137 elementor-hidden-mobile elementor-widget elementor-widget-image\" data-id=\"c3ba137\" data-element_type=\"widget\" data-e-type=\"widget\" data-widget_type=\"image.default\">\n\t\t\t\t<div class=\"elementor-widget-container\">\n\t\t\t\t\t\t\t\t\t\t\t\t\t\t\t\t<a href=\"https:\/\/sites.pucpr.br\/genteboa\/\" target=\"_blank\">\n\t\t\t\t\t\t\t<img decoding=\"async\" width=\"1600\" height=\"400\" src=\"https:\/\/feiradeciencias.pucpr.br\/2024\/wp-content\/uploads\/sites\/5\/2024\/06\/ap_Gente_Boa_banner_Site_Feira_1600x400px.png\" class=\"attachment-full size-full wp-image-2731\" alt=\"Gente boa\" srcset=\"https:\/\/feiradeciencias.pucpr.br\/2024\/wp-content\/uploads\/sites\/5\/2024\/06\/ap_Gente_Boa_banner_Site_Feira_1600x400px.png 1600w, https:\/\/feiradeciencias.pucpr.br\/2024\/wp-content\/uploads\/sites\/5\/2024\/06\/ap_Gente_Boa_banner_Site_Feira_1600x400px-300x75.png 300w, https:\/\/feiradeciencias.pucpr.br\/2024\/wp-content\/uploads\/sites\/5\/2024\/06\/ap_Gente_Boa_banner_Site_Feira_1600x400px-150x38.png 150w, https:\/\/feiradeciencias.pucpr.br\/2024\/wp-content\/uploads\/sites\/5\/2024\/06\/ap_Gente_Boa_banner_Site_Feira_1600x400px-768x192.png 768w, https:\/\/feiradeciencias.pucpr.br\/2024\/wp-content\/uploads\/sites\/5\/2024\/06\/ap_Gente_Boa_banner_Site_Feira_1600x400px-1536x384.png 1536w\" sizes=\"(max-width: 1600px) 100vw, 1600px\" \/>\t\t\t\t\t\t\t\t<\/a>\n\t\t\t\t\t\t\t\t\t\t\t\t\t\t\t<\/div>\n\t\t\t\t<\/div>\n\t\t\t\t<div class=\"elementor-element elementor-element-c3094ea elementor-hidden-desktop elementor-hidden-tablet elementor-widget elementor-widget-image\" data-id=\"c3094ea\" data-element_type=\"widget\" data-e-type=\"widget\" data-widget_type=\"image.default\">\n\t\t\t\t<div class=\"elementor-widget-container\">\n\t\t\t\t\t\t\t\t\t\t\t\t\t\t\t\t<a href=\"https:\/\/sites.pucpr.br\/genteboa\/\" target=\"_blank\">\n\t\t\t\t\t\t\t<img loading=\"lazy\" decoding=\"async\" width=\"600\" height=\"600\" src=\"https:\/\/feiradeciencias.pucpr.br\/2024\/wp-content\/uploads\/sites\/5\/2024\/06\/ap_Gente_Boa_banner_Site_Feira_600x600px.png\" class=\"attachment-full size-full wp-image-2732\" alt=\"Gente boa\" srcset=\"https:\/\/feiradeciencias.pucpr.br\/2024\/wp-content\/uploads\/sites\/5\/2024\/06\/ap_Gente_Boa_banner_Site_Feira_600x600px.png 600w, https:\/\/feiradeciencias.pucpr.br\/2024\/wp-content\/uploads\/sites\/5\/2024\/06\/ap_Gente_Boa_banner_Site_Feira_600x600px-300x300.png 300w, https:\/\/feiradeciencias.pucpr.br\/2024\/wp-content\/uploads\/sites\/5\/2024\/06\/ap_Gente_Boa_banner_Site_Feira_600x600px-150x150.png 150w\" sizes=\"(max-width: 600px) 100vw, 600px\" \/>\t\t\t\t\t\t\t\t<\/a>\n\t\t\t\t\t\t\t\t\t\t\t\t\t\t\t<\/div>\n\t\t\t\t<\/div>\n\t\t\t\t\t<\/div>\n\t\t<\/div>\n\t\t\t\t\t<\/div>\n\t\t<\/section>\n\t\t\t\t<section class=\"elementor-section elementor-top-section elementor-element elementor-element-2799be0 elementor-section-full_width elementor-section-height-default elementor-section-height-default\" data-id=\"2799be0\" data-element_type=\"section\" data-e-type=\"section\" data-settings=\"{&quot;background_background&quot;:&quot;classic&quot;}\">\n\t\t\t\t\t\t<div class=\"elementor-container elementor-column-gap-default\">\n\t\t\t\t\t<div class=\"elementor-column elementor-col-50 elementor-top-column elementor-element elementor-element-e9f4a89\" data-id=\"e9f4a89\" data-element_type=\"column\" data-e-type=\"column\" data-settings=\"{&quot;background_background&quot;:&quot;classic&quot;}\">\n\t\t\t<div class=\"elementor-widget-wrap elementor-element-populated\">\n\t\t\t\t\t\t<div class=\"elementor-element elementor-element-a3f6c00 elementor-widget elementor-widget-menu-anchor\" data-id=\"a3f6c00\" data-element_type=\"widget\" data-e-type=\"widget\" data-widget_type=\"menu-anchor.default\">\n\t\t\t\t<div class=\"elementor-widget-container\">\n\t\t\t\t\t\t\t<div class=\"elementor-menu-anchor\" id=\"contato\"><\/div>\n\t\t\t\t\t\t<\/div>\n\t\t\t\t<\/div>\n\t\t\t\t<div class=\"elementor-element elementor-element-29413dc elementor-widget elementor-widget-heading\" data-id=\"29413dc\" data-element_type=\"widget\" data-e-type=\"widget\" data-widget_type=\"heading.default\">\n\t\t\t\t<div class=\"elementor-widget-container\">\n\t\t\t\t\t<h2 class=\"elementor-heading-title elementor-size-default\">Contato<\/h2>\t\t\t\t<\/div>\n\t\t\t\t<\/div>\n\t\t\t\t<div class=\"elementor-element elementor-element-2ebf4bf elementor-widget elementor-widget-text-editor\" data-id=\"2ebf4bf\" data-element_type=\"widget\" data-e-type=\"widget\" data-widget_type=\"text-editor.default\">\n\t\t\t\t<div class=\"elementor-widget-container\">\n\t\t\t\t\t\t\t\t\t<p><strong>Ainda tem alguma d\u00favida?<\/strong><\/p><p>Acesse nosso FAQ ou entre em contato:<\/p><p><b>Telefones:<\/b> (41) 3271-1165\u00a0<\/p><p><b>E-mail: <\/b><strong><a href=\"mailto:feiradeciencias@pucpr.br\">feiradeciencias@pucpr.br<\/a><\/strong><u><b><\/b><\/u><\/p><p><a href=\"https:\/\/pucpr.app\/contatoICT\" target=\"_blank\" rel=\"noopener\"><img loading=\"lazy\" decoding=\"async\" class=\"alignright wp-image-839820\" src=\"http:\/\/feiradeciencias.pucpr.br\/wp-content\/uploads\/2023\/03\/whatsapp_branco.png\" alt=\"Whats\" width=\"50\" height=\"50\" \/><\/a><\/p><p><strong>Alternativamente para falar com nosso atendimento por Whatsapp:<\/strong><\/p><p><strong>Quer ficar por dentro de nossas novidades? <a href=\"https:\/\/forms.office.com\/Pages\/ResponsePage.aspx?id=w_YeiiSDA0G_ShMoxdw2U4qjlqyJe45CgwPCs5HN0CNURDFZT002VE5QOU9BMjJaVTMyVzNDUVpFQy4u\" target=\"_blank\" rel=\"noopener\">Inscreva-se aqui<\/a> para receber nossas News Letters por e-mail.<\/strong><\/p>\t\t\t\t\t\t\t\t<\/div>\n\t\t\t\t<\/div>\n\t\t\t\t\t<\/div>\n\t\t<\/div>\n\t\t\t\t<div class=\"elementor-column elementor-col-50 elementor-top-column elementor-element elementor-element-74b3bc5\" data-id=\"74b3bc5\" data-element_type=\"column\" data-e-type=\"column\" data-settings=\"{&quot;background_background&quot;:&quot;classic&quot;}\">\n\t\t\t<div class=\"elementor-widget-wrap elementor-element-populated\">\n\t\t\t\t\t\t<div class=\"elementor-element elementor-element-ab2079d elementor-button-align-center elementor-widget elementor-widget-form\" data-id=\"ab2079d\" data-element_type=\"widget\" data-e-type=\"widget\" data-settings=\"{&quot;step_next_label&quot;:&quot;Next&quot;,&quot;step_previous_label&quot;:&quot;Previous&quot;,&quot;button_width&quot;:&quot;100&quot;,&quot;step_type&quot;:&quot;number_text&quot;,&quot;step_icon_shape&quot;:&quot;circle&quot;}\" data-widget_type=\"form.default\">\n\t\t\t\t<div class=\"elementor-widget-container\">\n\t\t\t\t\t\t\t<form class=\"elementor-form\" method=\"post\" name=\"Feira de Ci\u00eancias\" aria-label=\"Feira de Ci\u00eancias\">\n\t\t\t<input type=\"hidden\" name=\"post_id\" value=\"2445\"\/>\n\t\t\t<input type=\"hidden\" name=\"form_id\" value=\"ab2079d\"\/>\n\t\t\t<input type=\"hidden\" name=\"referer_title\" value=\"9\u00aa Feira de Ci\u00eancias Junior e a 5\u00aa Mostra Paralela de Ci\u00eancias 2024 - Feira de Ci\u00eancias PUCPR | 2024\" \/>\n\n\t\t\t\t\t\t\t<input type=\"hidden\" name=\"queried_id\" value=\"2445\"\/>\n\t\t\t\n\t\t\t<div class=\"elementor-form-fields-wrapper elementor-labels-above\">\n\t\t\t\t\t\t\t\t<div class=\"elementor-field-type-text elementor-field-group elementor-column elementor-field-group-name elementor-col-100\">\n\t\t\t\t\t\t\t\t\t\t\t\t\t<input size=\"1\" type=\"text\" name=\"form_fields[name]\" id=\"form-field-name\" class=\"elementor-field elementor-size-sm  elementor-field-textual\" placeholder=\"Nome\">\n\t\t\t\t\t\t\t\t\t\t\t<\/div>\n\t\t\t\t\t\t\t\t<div class=\"elementor-field-type-email elementor-field-group elementor-column elementor-field-group-email elementor-col-100 elementor-field-required\">\n\t\t\t\t\t\t\t\t\t\t\t\t\t<input size=\"1\" type=\"email\" name=\"form_fields[email]\" id=\"form-field-email\" class=\"elementor-field elementor-size-sm  elementor-field-textual\" placeholder=\"E-mail\" required=\"required\">\n\t\t\t\t\t\t\t\t\t\t\t<\/div>\n\t\t\t\t\t\t\t\t<div class=\"elementor-field-type-tel elementor-field-group elementor-column elementor-field-group-field_d89efdf elementor-col-100 elementor-field-required\">\n\t\t\t\t\t\t\t<input size=\"1\" type=\"tel\" name=\"form_fields[field_d89efdf]\" id=\"form-field-field_d89efdf\" class=\"elementor-field elementor-size-sm  elementor-field-textual\" placeholder=\"Telefone\" required=\"required\" pattern=\"[0-9()#&amp;+*-=.]+\" title=\"Apenas n\u00fameros e caracteres de telefone (#, -, *, etc.) s\u00e3o aceitos.\">\n\n\t\t\t\t\t\t<\/div>\n\t\t\t\t\t\t\t\t<div class=\"elementor-field-type-textarea elementor-field-group elementor-column elementor-field-group-message elementor-col-100\">\n\t\t\t\t\t<textarea class=\"elementor-field-textual elementor-field  elementor-size-sm\" name=\"form_fields[message]\" id=\"form-field-message\" rows=\"4\" placeholder=\"Mensagem\"><\/textarea>\t\t\t\t<\/div>\n\t\t\t\t\t\t\t\t<div class=\"elementor-field-type-checkbox elementor-field-group elementor-column elementor-field-group-field_e092474 elementor-col-100\">\n\t\t\t\t\t<div class=\"elementor-field-subgroup  \"><span class=\"elementor-field-option\"><input type=\"checkbox\" value=\"Concordo com a utiliza\u00e7\u00e3o dos meus dados pessoais coletados no presente formul\u00e1rio, para a finalidade de identificar minha solicita\u00e7\u00e3o e receber retorno do Grupo Marista, de acordo com a Pol\u00edtica de Privacidade e Prote\u00e7\u00e3o de Dados.\" id=\"form-field-field_e092474-0\" name=\"form_fields[field_e092474]\"> <label for=\"form-field-field_e092474-0\">Concordo com a utiliza\u00e7\u00e3o dos meus dados pessoais coletados no presente formul\u00e1rio, para a finalidade de identificar minha solicita\u00e7\u00e3o e receber retorno do Grupo Marista, de acordo com a Pol\u00edtica de Privacidade e Prote\u00e7\u00e3o de Dados.<\/label><\/span><\/div>\t\t\t\t<\/div>\n\t\t\t\t\t\t\t\t<div class=\"elementor-field-type-checkbox elementor-field-group elementor-column elementor-field-group-field_bfb66d0 elementor-col-100\">\n\t\t\t\t\t<div class=\"elementor-field-subgroup  \"><span class=\"elementor-field-option\"><input type=\"checkbox\" value=\"Quero receber conte\u00fados exclusivos e ofertas personalizadas do Grupo Marista, de acordo com a Pol\u00edtica de Privacidade e Prote\u00e7\u00e3o de Dados.\" id=\"form-field-field_bfb66d0-0\" name=\"form_fields[field_bfb66d0]\"> <label for=\"form-field-field_bfb66d0-0\">Quero receber conte\u00fados exclusivos e ofertas personalizadas do Grupo Marista, de acordo com a Pol\u00edtica de Privacidade e Prote\u00e7\u00e3o de Dados.<\/label><\/span><\/div>\t\t\t\t<\/div>\n\t\t\t\t\t\t\t\t<div class=\"elementor-field-group elementor-column elementor-field-type-submit elementor-col-100 e-form__buttons\">\n\t\t\t\t\t<button class=\"elementor-button elementor-size-sm\" type=\"submit\">\n\t\t\t\t\t\t<span class=\"elementor-button-content-wrapper\">\n\t\t\t\t\t\t\t\t\t\t\t\t\t\t\t\t\t\t\t\t\t\t<span class=\"elementor-button-text\">Enviar<\/span>\n\t\t\t\t\t\t\t\t\t\t\t\t\t<\/span>\n\t\t\t\t\t<\/button>\n\t\t\t\t<\/div>\n\t\t\t<\/div>\n\t\t<\/form>\n\t\t\t\t\t\t<\/div>\n\t\t\t\t<\/div>\n\t\t\t\t\t<\/div>\n\t\t<\/div>\n\t\t\t\t\t<\/div>\n\t\t<\/section>\n\t\t\t\t<\/div>\n\t\t","protected":false},"excerpt":{"rendered":"<p>A 9\u00aa Feira de Ci\u00eancias Junior e a 5\u00aa Mostra Paralela de Ci\u00eancias tem como objetivo incrementar o ensino da ci\u00eancia na Educa\u00e7\u00e3o B\u00e1sica e estimular a cultura indagativa e cr\u00edtica (pr\u00f3pria da ci\u00eancia), o despertar de voca\u00e7\u00f5es cient\u00edficas e tecnol\u00f3gicas e a capacidade inventiva e investigativa que contribuem para promover o desenvolvimento da sociedade.<\/p>\n","protected":false},"author":2,"featured_media":2451,"parent":0,"menu_order":0,"comment_status":"closed","ping_status":"closed","template":"elementor_header_footer","meta":{"_acf_changed":false,"footnotes":""},"class_list":["post-2445","page","type-page","status-publish","has-post-thumbnail","hentry"],"acf":[],"yoast_head":"<!-- This site is optimized with the Yoast SEO plugin v27.4 - https:\/\/yoast.com\/product\/yoast-seo-wordpress\/ -->\n<title>9\u00aa Feira de Ci\u00eancias Junior e a 5\u00aa Mostra Paralela de Ci\u00eancias 2024 - Feira de Ci\u00eancias PUCPR | 2024<\/title>\n<meta name=\"robots\" content=\"index, follow, max-snippet:-1, max-image-preview:large, max-video-preview:-1\" \/>\n<link rel=\"canonical\" href=\"https:\/\/feiradeciencias.pucpr.br\/2024\/\" \/>\n<meta property=\"og:locale\" content=\"pt_BR\" \/>\n<meta property=\"og:type\" content=\"article\" \/>\n<meta property=\"og:title\" content=\"9\u00aa Feira de Ci\u00eancias Junior e a 5\u00aa Mostra Paralela de Ci\u00eancias 2024 - Feira de Ci\u00eancias PUCPR | 2024\" \/>\n<meta property=\"og:description\" content=\"A 9\u00aa Feira de Ci\u00eancias Junior e a 5\u00aa Mostra Paralela de Ci\u00eancias tem como objetivo incrementar o ensino da ci\u00eancia na Educa\u00e7\u00e3o B\u00e1sica e estimular a cultura indagativa e cr\u00edtica (pr\u00f3pria da ci\u00eancia), o despertar de voca\u00e7\u00f5es cient\u00edficas e tecnol\u00f3gicas e a capacidade inventiva e investigativa que contribuem para promover o desenvolvimento da sociedade.\" \/>\n<meta property=\"og:url\" content=\"https:\/\/feiradeciencias.pucpr.br\/2024\/\" \/>\n<meta property=\"og:site_name\" content=\"Feira de Ci\u00eancias PUCPR | 2024\" \/>\n<meta property=\"article:modified_time\" content=\"2024-10-21T13:54:47+00:00\" \/>\n<meta property=\"og:image\" content=\"https:\/\/feiradeciencias.pucpr.br\/2024\/wp-content\/uploads\/sites\/5\/2024\/03\/assinatura@2x.png\" \/>\n\t<meta property=\"og:image:width\" content=\"800\" \/>\n\t<meta property=\"og:image:height\" content=\"279\" \/>\n\t<meta property=\"og:image:type\" content=\"image\/png\" \/>\n<meta name=\"twitter:card\" content=\"summary_large_image\" \/>\n<meta name=\"twitter:label1\" content=\"Est. tempo de leitura\" \/>\n\t<meta name=\"twitter:data1\" content=\"4 minutos\" \/>\n<script type=\"application\/ld+json\" class=\"yoast-schema-graph\">{\"@context\":\"https:\\\/\\\/schema.org\",\"@graph\":[{\"@type\":\"WebPage\",\"@id\":\"https:\\\/\\\/feiradeciencias.pucpr.br\\\/2024\\\/\",\"url\":\"https:\\\/\\\/feiradeciencias.pucpr.br\\\/2024\\\/\",\"name\":\"9\u00aa Feira de Ci\u00eancias Junior e a 5\u00aa Mostra Paralela de Ci\u00eancias 2024 - Feira de Ci\u00eancias PUCPR | 2024\",\"isPartOf\":{\"@id\":\"https:\\\/\\\/feiradeciencias.pucpr.br\\\/2024\\\/#website\"},\"primaryImageOfPage\":{\"@id\":\"https:\\\/\\\/feiradeciencias.pucpr.br\\\/2024\\\/#primaryimage\"},\"image\":{\"@id\":\"https:\\\/\\\/feiradeciencias.pucpr.br\\\/2024\\\/#primaryimage\"},\"thumbnailUrl\":\"https:\\\/\\\/feiradeciencias.pucpr.br\\\/2024\\\/wp-content\\\/uploads\\\/sites\\\/5\\\/2024\\\/03\\\/assinatura@2x.png\",\"datePublished\":\"2024-03-14T12:24:29+00:00\",\"dateModified\":\"2024-10-21T13:54:47+00:00\",\"breadcrumb\":{\"@id\":\"https:\\\/\\\/feiradeciencias.pucpr.br\\\/2024\\\/#breadcrumb\"},\"inLanguage\":\"pt-BR\",\"potentialAction\":[{\"@type\":\"ReadAction\",\"target\":[\"https:\\\/\\\/feiradeciencias.pucpr.br\\\/2024\\\/\"]}]},{\"@type\":\"ImageObject\",\"inLanguage\":\"pt-BR\",\"@id\":\"https:\\\/\\\/feiradeciencias.pucpr.br\\\/2024\\\/#primaryimage\",\"url\":\"https:\\\/\\\/feiradeciencias.pucpr.br\\\/2024\\\/wp-content\\\/uploads\\\/sites\\\/5\\\/2024\\\/03\\\/assinatura@2x.png\",\"contentUrl\":\"https:\\\/\\\/feiradeciencias.pucpr.br\\\/2024\\\/wp-content\\\/uploads\\\/sites\\\/5\\\/2024\\\/03\\\/assinatura@2x.png\",\"width\":800,\"height\":279},{\"@type\":\"BreadcrumbList\",\"@id\":\"https:\\\/\\\/feiradeciencias.pucpr.br\\\/2024\\\/#breadcrumb\",\"itemListElement\":[{\"@type\":\"ListItem\",\"position\":1,\"name\":\"In\u00edcio\",\"item\":\"https:\\\/\\\/feiradeciencias.pucpr.br\\\/2024\\\/\"},{\"@type\":\"ListItem\",\"position\":2,\"name\":\"9\u00aa Feira de Ci\u00eancias Junior e a 5\u00aa Mostra Paralela de Ci\u00eancias 2024\"}]},{\"@type\":\"WebSite\",\"@id\":\"https:\\\/\\\/feiradeciencias.pucpr.br\\\/2024\\\/#website\",\"url\":\"https:\\\/\\\/feiradeciencias.pucpr.br\\\/2024\\\/\",\"name\":\"Feira de Ci\u00eancias PUCPR | 2024\",\"description\":\"9\u00aa Feira de Ci\u00eancias J\u00fanior da PUCPR e 5\u00aa Mostra Paralela da PUCPR | 2024\",\"publisher\":{\"@id\":\"https:\\\/\\\/feiradeciencias.pucpr.br\\\/2024\\\/#organization\"},\"potentialAction\":[{\"@type\":\"SearchAction\",\"target\":{\"@type\":\"EntryPoint\",\"urlTemplate\":\"https:\\\/\\\/feiradeciencias.pucpr.br\\\/2024\\\/?s={search_term_string}\"},\"query-input\":{\"@type\":\"PropertyValueSpecification\",\"valueRequired\":true,\"valueName\":\"search_term_string\"}}],\"inLanguage\":\"pt-BR\"},{\"@type\":\"Organization\",\"@id\":\"https:\\\/\\\/feiradeciencias.pucpr.br\\\/2024\\\/#organization\",\"name\":\"Feira de Ci\u00eancias PUCPR | 2024\",\"url\":\"https:\\\/\\\/feiradeciencias.pucpr.br\\\/2024\\\/\",\"logo\":{\"@type\":\"ImageObject\",\"inLanguage\":\"pt-BR\",\"@id\":\"https:\\\/\\\/feiradeciencias.pucpr.br\\\/2024\\\/#\\\/schema\\\/logo\\\/image\\\/\",\"url\":\"https:\\\/\\\/feiradeciencias.pucpr.br\\\/2024\\\/wp-content\\\/uploads\\\/sites\\\/5\\\/2022\\\/05\\\/logo-puc-branca-horizontal.png\",\"contentUrl\":\"https:\\\/\\\/feiradeciencias.pucpr.br\\\/2024\\\/wp-content\\\/uploads\\\/sites\\\/5\\\/2022\\\/05\\\/logo-puc-branca-horizontal.png\",\"width\":221,\"height\":100,\"caption\":\"Feira de Ci\u00eancias PUCPR | 2024\"},\"image\":{\"@id\":\"https:\\\/\\\/feiradeciencias.pucpr.br\\\/2024\\\/#\\\/schema\\\/logo\\\/image\\\/\"}}]}<\/script>\n<!-- \/ Yoast SEO plugin. -->","yoast_head_json":{"title":"9\u00aa Feira de Ci\u00eancias Junior e a 5\u00aa Mostra Paralela de Ci\u00eancias 2024 - Feira de Ci\u00eancias PUCPR | 2024","robots":{"index":"index","follow":"follow","max-snippet":"max-snippet:-1","max-image-preview":"max-image-preview:large","max-video-preview":"max-video-preview:-1"},"canonical":"https:\/\/feiradeciencias.pucpr.br\/2024\/","og_locale":"pt_BR","og_type":"article","og_title":"9\u00aa Feira de Ci\u00eancias Junior e a 5\u00aa Mostra Paralela de Ci\u00eancias 2024 - Feira de Ci\u00eancias PUCPR | 2024","og_description":"A 9\u00aa Feira de Ci\u00eancias Junior e a 5\u00aa Mostra Paralela de Ci\u00eancias tem como objetivo incrementar o ensino da ci\u00eancia na Educa\u00e7\u00e3o B\u00e1sica e estimular a cultura indagativa e cr\u00edtica (pr\u00f3pria da ci\u00eancia), o despertar de voca\u00e7\u00f5es cient\u00edficas e tecnol\u00f3gicas e a capacidade inventiva e investigativa que contribuem para promover o desenvolvimento da sociedade.","og_url":"https:\/\/feiradeciencias.pucpr.br\/2024\/","og_site_name":"Feira de Ci\u00eancias PUCPR | 2024","article_modified_time":"2024-10-21T13:54:47+00:00","og_image":[{"width":800,"height":279,"url":"https:\/\/feiradeciencias.pucpr.br\/2024\/wp-content\/uploads\/sites\/5\/2024\/03\/assinatura@2x.png","type":"image\/png"}],"twitter_card":"summary_large_image","twitter_misc":{"Est. tempo de leitura":"4 minutos"},"schema":{"@context":"https:\/\/schema.org","@graph":[{"@type":"WebPage","@id":"https:\/\/feiradeciencias.pucpr.br\/2024\/","url":"https:\/\/feiradeciencias.pucpr.br\/2024\/","name":"9\u00aa Feira de Ci\u00eancias Junior e a 5\u00aa Mostra Paralela de Ci\u00eancias 2024 - Feira de Ci\u00eancias PUCPR | 2024","isPartOf":{"@id":"https:\/\/feiradeciencias.pucpr.br\/2024\/#website"},"primaryImageOfPage":{"@id":"https:\/\/feiradeciencias.pucpr.br\/2024\/#primaryimage"},"image":{"@id":"https:\/\/feiradeciencias.pucpr.br\/2024\/#primaryimage"},"thumbnailUrl":"https:\/\/feiradeciencias.pucpr.br\/2024\/wp-content\/uploads\/sites\/5\/2024\/03\/assinatura@2x.png","datePublished":"2024-03-14T12:24:29+00:00","dateModified":"2024-10-21T13:54:47+00:00","breadcrumb":{"@id":"https:\/\/feiradeciencias.pucpr.br\/2024\/#breadcrumb"},"inLanguage":"pt-BR","potentialAction":[{"@type":"ReadAction","target":["https:\/\/feiradeciencias.pucpr.br\/2024\/"]}]},{"@type":"ImageObject","inLanguage":"pt-BR","@id":"https:\/\/feiradeciencias.pucpr.br\/2024\/#primaryimage","url":"https:\/\/feiradeciencias.pucpr.br\/2024\/wp-content\/uploads\/sites\/5\/2024\/03\/assinatura@2x.png","contentUrl":"https:\/\/feiradeciencias.pucpr.br\/2024\/wp-content\/uploads\/sites\/5\/2024\/03\/assinatura@2x.png","width":800,"height":279},{"@type":"BreadcrumbList","@id":"https:\/\/feiradeciencias.pucpr.br\/2024\/#breadcrumb","itemListElement":[{"@type":"ListItem","position":1,"name":"In\u00edcio","item":"https:\/\/feiradeciencias.pucpr.br\/2024\/"},{"@type":"ListItem","position":2,"name":"9\u00aa Feira de Ci\u00eancias Junior e a 5\u00aa Mostra Paralela de Ci\u00eancias 2024"}]},{"@type":"WebSite","@id":"https:\/\/feiradeciencias.pucpr.br\/2024\/#website","url":"https:\/\/feiradeciencias.pucpr.br\/2024\/","name":"Feira de Ci\u00eancias PUCPR | 2024","description":"9\u00aa Feira de Ci\u00eancias J\u00fanior da PUCPR e 5\u00aa Mostra Paralela da PUCPR | 2024","publisher":{"@id":"https:\/\/feiradeciencias.pucpr.br\/2024\/#organization"},"potentialAction":[{"@type":"SearchAction","target":{"@type":"EntryPoint","urlTemplate":"https:\/\/feiradeciencias.pucpr.br\/2024\/?s={search_term_string}"},"query-input":{"@type":"PropertyValueSpecification","valueRequired":true,"valueName":"search_term_string"}}],"inLanguage":"pt-BR"},{"@type":"Organization","@id":"https:\/\/feiradeciencias.pucpr.br\/2024\/#organization","name":"Feira de Ci\u00eancias PUCPR | 2024","url":"https:\/\/feiradeciencias.pucpr.br\/2024\/","logo":{"@type":"ImageObject","inLanguage":"pt-BR","@id":"https:\/\/feiradeciencias.pucpr.br\/2024\/#\/schema\/logo\/image\/","url":"https:\/\/feiradeciencias.pucpr.br\/2024\/wp-content\/uploads\/sites\/5\/2022\/05\/logo-puc-branca-horizontal.png","contentUrl":"https:\/\/feiradeciencias.pucpr.br\/2024\/wp-content\/uploads\/sites\/5\/2022\/05\/logo-puc-branca-horizontal.png","width":221,"height":100,"caption":"Feira de Ci\u00eancias PUCPR | 2024"},"image":{"@id":"https:\/\/feiradeciencias.pucpr.br\/2024\/#\/schema\/logo\/image\/"}}]}},"_links":{"self":[{"href":"https:\/\/feiradeciencias.pucpr.br\/2024\/wp-json\/wp\/v2\/pages\/2445","targetHints":{"allow":["GET"]}}],"collection":[{"href":"https:\/\/feiradeciencias.pucpr.br\/2024\/wp-json\/wp\/v2\/pages"}],"about":[{"href":"https:\/\/feiradeciencias.pucpr.br\/2024\/wp-json\/wp\/v2\/types\/page"}],"author":[{"embeddable":true,"href":"https:\/\/feiradeciencias.pucpr.br\/2024\/wp-json\/wp\/v2\/users\/2"}],"replies":[{"embeddable":true,"href":"https:\/\/feiradeciencias.pucpr.br\/2024\/wp-json\/wp\/v2\/comments?post=2445"}],"version-history":[{"count":139,"href":"https:\/\/feiradeciencias.pucpr.br\/2024\/wp-json\/wp\/v2\/pages\/2445\/revisions"}],"predecessor-version":[{"id":3005,"href":"https:\/\/feiradeciencias.pucpr.br\/2024\/wp-json\/wp\/v2\/pages\/2445\/revisions\/3005"}],"wp:featuredmedia":[{"embeddable":true,"href":"https:\/\/feiradeciencias.pucpr.br\/2024\/wp-json\/wp\/v2\/media\/2451"}],"wp:attachment":[{"href":"https:\/\/feiradeciencias.pucpr.br\/2024\/wp-json\/wp\/v2\/media?parent=2445"}],"curies":[{"name":"wp","href":"https:\/\/api.w.org\/{rel}","templated":true}]}}